{"id":113,"date":"2024-11-07T11:24:31","date_gmt":"2024-11-07T17:24:31","guid":{"rendered":"https:\/\/museocr.org\/galeria-nacional\/?page_id=113"},"modified":"2025-03-01T09:57:19","modified_gmt":"2025-03-01T15:57:19","slug":"exhibiciones","status":"publish","type":"page","link":"https:\/\/museocr.org\/galeria-nacional\/exhibiciones\/","title":{"rendered":"Exhibiciones"},"content":{"rendered":"\t\t<div data-elementor-type=\"wp-page\" data-elementor-id=\"113\" class=\"elementor elementor-113\" data-elementor-post-type=\"page\">\n\t\t\t\t<div data-particle_enable=\"false\" data-particle-mobile-disabled=\"false\" data-dce-background-image-url=\"https:\/\/museocr.org\/galeria-nacional\/wp-content\/uploads\/sites\/4\/2024\/10\/Sliders.png\" class=\"elementor-element elementor-element-2549294 e-flex e-con-boxed e-con e-parent\" data-id=\"2549294\" data-element_type=\"container\" data-settings=\"{&quot;background_background&quot;:&quot;classic&quot;}\">\n\t\t\t\t\t<div class=\"e-con-inner\">\n\t\t<div data-particle_enable=\"false\" data-particle-mobile-disabled=\"false\" class=\"elementor-element elementor-element-377cc05 e-flex e-con-boxed e-con e-child\" data-id=\"377cc05\" data-element_type=\"container\">\n\t\t\t\t\t<div class=\"e-con-inner\">\n\t\t\t\t<div class=\"elementor-element elementor-element-ac79b41 elementor-widget__width-inherit elementor-widget elementor-widget-heading\" data-id=\"ac79b41\" data-element_type=\"widget\" data-widget_type=\"heading.default\">\n\t\t\t\t<div class=\"elementor-widget-container\">\n\t\t\t\t\t<h1 class=\"elementor-heading-title elementor-size-default\">Exhibiciones<\/h1>\t\t\t\t<\/div>\n\t\t\t\t<\/div>\n\t\t\t\t\t<\/div>\n\t\t\t\t<\/div>\n\t\t\t\t\t<\/div>\n\t\t\t\t<\/div>\n\t\t<div data-particle_enable=\"false\" data-particle-mobile-disabled=\"false\" data-dce-background-color=\"#000000\" data-dce-background-overlay-color=\"#FFFFFF00\" data-dce-background-image-url=\"https:\/\/museocr.org\/galeria-nacional\/wp-content\/uploads\/sites\/4\/2024\/10\/Pasillo_Galeria_1-scaled.jpg\" class=\"elementor-element elementor-element-a0b9bc5 e-flex e-con-boxed e-con e-parent\" data-id=\"a0b9bc5\" data-element_type=\"container\" data-settings=\"{&quot;background_background&quot;:&quot;classic&quot;}\">\n\t\t\t\t\t<div class=\"e-con-inner\">\n\t\t<div data-particle_enable=\"false\" data-particle-mobile-disabled=\"false\" class=\"elementor-element elementor-element-80c52f7 e-flex e-con-boxed e-con e-child\" data-id=\"80c52f7\" data-element_type=\"container\">\n\t\t\t\t\t<div class=\"e-con-inner\">\n\t\t\t\t<div class=\"elementor-element elementor-element-314e3e4 elementor-grid-eael-col-3 elementor-widget__width-inherit elementor-grid-tablet-eael-col-2 elementor-grid-mobile-eael-col-1 elementor-widget elementor-widget-eael-post-grid\" data-id=\"314e3e4\" data-element_type=\"widget\" data-settings=\"{&quot;eael_post_grid_columns&quot;:&quot;eael-col-3&quot;,&quot;eael_post_grid_columns_tablet&quot;:&quot;eael-col-2&quot;,&quot;eael_post_grid_columns_mobile&quot;:&quot;eael-col-1&quot;}\" data-widget_type=\"eael-post-grid.default\">\n\t\t\t\t<div class=\"elementor-widget-container\">\n\t\t\t\t\t<div id=\"eael-post-grid-314e3e4\" class=\"eael-post-grid-container\">\n            <div class=\"eael-post-grid eael-post-appender eael-post-appender-314e3e4 eael-post-grid-style-one\" data-layout-mode=\"grid\"><article class=\"eael-grid-post eael-post-grid-column\" data-id=\"321\">\n        <div class=\"eael-grid-post-holder\">\n            <div class=\"eael-grid-post-holder-inner\"><div class=\"eael-entry-media\"><div class=\"eael-entry-overlay fade-in\"><i class=\"far fa-star\" aria-hidden=\"true\"><\/i><a href=\"https:\/\/museocr.org\/galeria-nacional\/trance-xilografico\/\"><\/a><\/div><div class=\"eael-entry-thumbnail \">\n                <img fetchpriority=\"high\" decoding=\"async\" width=\"526\" height=\"526\" src=\"https:\/\/museocr.org\/galeria-nacional\/wp-content\/uploads\/sites\/4\/2024\/11\/Trance-Xilografico.jpg\" class=\"attachment-full size-full wp-image-322\" alt=\"\" srcset=\"https:\/\/museocr.org\/galeria-nacional\/wp-content\/uploads\/sites\/4\/2024\/11\/Trance-Xilografico.jpg 526w, https:\/\/museocr.org\/galeria-nacional\/wp-content\/uploads\/sites\/4\/2024\/11\/Trance-Xilografico-300x300.jpg 300w, https:\/\/museocr.org\/galeria-nacional\/wp-content\/uploads\/sites\/4\/2024\/11\/Trance-Xilografico-150x150.jpg 150w\" sizes=\"(max-width: 526px) 100vw, 526px\" \/>\n            <\/div>\n        <\/div><div class=\"eael-entry-wrapper\"><header class=\"eael-entry-header\"><h2 class=\"eael-entry-title\"><a\n                        class=\"eael-grid-post-link\"\n                        href=\"https:\/\/museocr.org\/galeria-nacional\/trance-xilografico\/\"\n                        title=\"Trance Xilogr\u00e1fico\">Trance Xilogr\u00e1fico<\/a><\/h2><\/header><div class=\"eael-entry-content\">\n                        <div class=\"eael-grid-post-excerpt\"><p>Trance Xilogr\u00e1fico es una exposici\u00f3n del artista costarricense Sergio Rojas que reivindica la xilograf\u00eda como...<\/p><a href=\"https:\/\/museocr.org\/galeria-nacional\/trance-xilografico\/\" class=\"eael-post-elements-readmore-btn\">M\u00e1s informaci\u00f3n<\/a><\/div>\n                    <\/div><\/div><\/div>\n        <\/div>\n    <\/article><article class=\"eael-grid-post eael-post-grid-column\" data-id=\"317\">\n        <div class=\"eael-grid-post-holder\">\n            <div class=\"eael-grid-post-holder-inner\"><div class=\"eael-entry-media\"><div class=\"eael-entry-overlay fade-in\"><i class=\"far fa-star\" aria-hidden=\"true\"><\/i><a href=\"https:\/\/museocr.org\/galeria-nacional\/andromeda\/\"><\/a><\/div><div class=\"eael-entry-thumbnail \">\n                <img decoding=\"async\" width=\"526\" height=\"526\" src=\"https:\/\/museocr.org\/galeria-nacional\/wp-content\/uploads\/sites\/4\/2024\/11\/Andromeda.jpg\" class=\"attachment-full size-full wp-image-318\" alt=\"\" srcset=\"https:\/\/museocr.org\/galeria-nacional\/wp-content\/uploads\/sites\/4\/2024\/11\/Andromeda.jpg 526w, https:\/\/museocr.org\/galeria-nacional\/wp-content\/uploads\/sites\/4\/2024\/11\/Andromeda-300x300.jpg 300w, https:\/\/museocr.org\/galeria-nacional\/wp-content\/uploads\/sites\/4\/2024\/11\/Andromeda-150x150.jpg 150w\" sizes=\"(max-width: 526px) 100vw, 526px\" \/>\n            <\/div>\n        <\/div><div class=\"eael-entry-wrapper\"><header class=\"eael-entry-header\"><h2 class=\"eael-entry-title\"><a\n                        class=\"eael-grid-post-link\"\n                        href=\"https:\/\/museocr.org\/galeria-nacional\/andromeda\/\"\n                        title=\"Andr\u00f3meda\">Andr\u00f3meda<\/a><\/h2><\/header><div class=\"eael-entry-content\">\n                        <div class=\"eael-grid-post-excerpt\"><p>La obra reciente de Ileana Piszk aborda el paisaje como un evento, algo que sucede...<\/p><a href=\"https:\/\/museocr.org\/galeria-nacional\/andromeda\/\" class=\"eael-post-elements-readmore-btn\">M\u00e1s informaci\u00f3n<\/a><\/div>\n                    <\/div><\/div><\/div>\n        <\/div>\n    <\/article><article class=\"eael-grid-post eael-post-grid-column\" data-id=\"183\">\n        <div class=\"eael-grid-post-holder\">\n            <div class=\"eael-grid-post-holder-inner\"><div class=\"eael-entry-media\"><div class=\"eael-entry-overlay fade-in\"><i class=\"far fa-star\" aria-hidden=\"true\"><\/i><a href=\"https:\/\/museocr.org\/galeria-nacional\/van-gogh\/\"><\/a><\/div><div class=\"eael-entry-thumbnail \">\n                <img decoding=\"async\" width=\"376\" height=\"375\" src=\"https:\/\/museocr.org\/galeria-nacional\/wp-content\/uploads\/sites\/4\/2024\/11\/image-27.png\" class=\"attachment-full size-full wp-image-186\" alt=\"\" srcset=\"https:\/\/museocr.org\/galeria-nacional\/wp-content\/uploads\/sites\/4\/2024\/11\/image-27.png 376w, https:\/\/museocr.org\/galeria-nacional\/wp-content\/uploads\/sites\/4\/2024\/11\/image-27-300x300.png 300w, https:\/\/museocr.org\/galeria-nacional\/wp-content\/uploads\/sites\/4\/2024\/11\/image-27-150x150.png 150w\" sizes=\"(max-width: 376px) 100vw, 376px\" \/>\n            <\/div>\n        <\/div><div class=\"eael-entry-wrapper\"><header class=\"eael-entry-header\"><h2 class=\"eael-entry-title\"><a\n                        class=\"eael-grid-post-link\"\n                        href=\"https:\/\/museocr.org\/galeria-nacional\/van-gogh\/\"\n                        title=\"Van Gogh\">Van Gogh<\/a><\/h2><\/header><div class=\"eael-entry-content\">\n                        <div class=\"eael-grid-post-excerpt\"><p>Vuelo Imposible | La Galer\u00eda Nacional los invita a disfrutar de la nueva exposici\u00f3n \u201cVuelo...<\/p><a href=\"https:\/\/museocr.org\/galeria-nacional\/van-gogh\/\" class=\"eael-post-elements-readmore-btn\">M\u00e1s informaci\u00f3n<\/a><\/div>\n                    <\/div><\/div><\/div>\n        <\/div>\n    <\/article><article class=\"eael-grid-post eael-post-grid-column\" data-id=\"180\">\n        <div class=\"eael-grid-post-holder\">\n            <div class=\"eael-grid-post-holder-inner\"><div class=\"eael-entry-media\"><div class=\"eael-entry-overlay fade-in\"><i class=\"far fa-star\" aria-hidden=\"true\"><\/i><a href=\"https:\/\/museocr.org\/galeria-nacional\/virunga\/\"><\/a><\/div><div class=\"eael-entry-thumbnail \">\n                <img loading=\"lazy\" decoding=\"async\" width=\"376\" height=\"375\" src=\"https:\/\/museocr.org\/galeria-nacional\/wp-content\/uploads\/sites\/4\/2024\/11\/image-26.png\" class=\"attachment-full size-full wp-image-181\" alt=\"\" srcset=\"https:\/\/museocr.org\/galeria-nacional\/wp-content\/uploads\/sites\/4\/2024\/11\/image-26.png 376w, https:\/\/museocr.org\/galeria-nacional\/wp-content\/uploads\/sites\/4\/2024\/11\/image-26-300x300.png 300w, https:\/\/museocr.org\/galeria-nacional\/wp-content\/uploads\/sites\/4\/2024\/11\/image-26-150x150.png 150w\" sizes=\"(max-width: 376px) 100vw, 376px\" \/>\n            <\/div>\n        <\/div><div class=\"eael-entry-wrapper\"><header class=\"eael-entry-header\"><h2 class=\"eael-entry-title\"><a\n                        class=\"eael-grid-post-link\"\n                        href=\"https:\/\/museocr.org\/galeria-nacional\/virunga\/\"\n                        title=\"Virunga\">Virunga<\/a><\/h2><\/header><div class=\"eael-entry-content\">\n                        <div class=\"eael-grid-post-excerpt\"><p>Vuelo Imposible | La Galer\u00eda Nacional los invita a disfrutar de la nueva exposici\u00f3n \u201cVuelo...<\/p><a href=\"https:\/\/museocr.org\/galeria-nacional\/virunga\/\" class=\"eael-post-elements-readmore-btn\">M\u00e1s informaci\u00f3n<\/a><\/div>\n                    <\/div><\/div><\/div>\n        <\/div>\n    <\/article><article class=\"eael-grid-post eael-post-grid-column\" data-id=\"171\">\n        <div class=\"eael-grid-post-holder\">\n            <div class=\"eael-grid-post-holder-inner\"><div class=\"eael-entry-media\"><div class=\"eael-entry-overlay fade-in\"><i class=\"far fa-star\" aria-hidden=\"true\"><\/i><a href=\"https:\/\/museocr.org\/galeria-nacional\/vuelo-imposible\/\"><\/a><\/div><div class=\"eael-entry-thumbnail \">\n                <img loading=\"lazy\" decoding=\"async\" width=\"587\" height=\"587\" src=\"https:\/\/museocr.org\/galeria-nacional\/wp-content\/uploads\/sites\/4\/2024\/11\/image-25.png\" class=\"attachment-full size-full wp-image-172\" alt=\"\" srcset=\"https:\/\/museocr.org\/galeria-nacional\/wp-content\/uploads\/sites\/4\/2024\/11\/image-25.png 587w, https:\/\/museocr.org\/galeria-nacional\/wp-content\/uploads\/sites\/4\/2024\/11\/image-25-300x300.png 300w, https:\/\/museocr.org\/galeria-nacional\/wp-content\/uploads\/sites\/4\/2024\/11\/image-25-150x150.png 150w\" sizes=\"(max-width: 587px) 100vw, 587px\" \/>\n            <\/div>\n        <\/div><div class=\"eael-entry-wrapper\"><header class=\"eael-entry-header\"><h2 class=\"eael-entry-title\"><a\n                        class=\"eael-grid-post-link\"\n                        href=\"https:\/\/museocr.org\/galeria-nacional\/vuelo-imposible\/\"\n                        title=\"Vuelo Imposible\">Vuelo Imposible<\/a><\/h2><\/header><div class=\"eael-entry-content\">\n                        <div class=\"eael-grid-post-excerpt\"><p>Vuelo Imposible | La Galer\u00eda Nacional los invita a disfrutar de la nueva exposici\u00f3n \u201cVuelo...<\/p><a href=\"https:\/\/museocr.org\/galeria-nacional\/vuelo-imposible\/\" class=\"eael-post-elements-readmore-btn\">M\u00e1s informaci\u00f3n<\/a><\/div>\n                    <\/div><\/div><\/div>\n        <\/div>\n    <\/article><\/div>\n            <div class=\"clearfix\"><\/div>\n        <\/div>\t\t\t\t<\/div>\n\t\t\t\t<\/div>\n\t\t\t\t\t<\/div>\n\t\t\t\t<\/div>\n\t\t\t\t\t<\/div>\n\t\t\t\t<\/div>\n\t\t\t\t<\/div>\n\t\t","protected":false},"excerpt":{"rendered":"<p>Exhibiciones Trance Xilogr\u00e1fico Trance Xilogr\u00e1fico es una exposici\u00f3n del artista costarricense Sergio Rojas que reivindica la xilograf\u00eda como&#8230; M\u00e1s informaci\u00f3n Andr\u00f3meda La obra reciente de Ileana Piszk aborda el paisaje como un evento, algo que sucede&#8230; M\u00e1s informaci\u00f3n Van Gogh Vuelo Imposible | La Galer\u00eda Nacional los invita a disfrutar de la nueva exposici\u00f3n \u201cVuelo&#8230; [&hellip;]<\/p>\n","protected":false},"author":3,"featured_media":0,"parent":0,"menu_order":0,"comment_status":"closed","ping_status":"closed","template":"elementor_header_footer","meta":{"_acf_changed":false,"footnotes":""},"class_list":["post-113","page","type-page","status-publish","hentry"],"acf":[],"yoast_head":"<!-- This site is optimized with the Yoast SEO plugin v27.5 - https:\/\/yoast.com\/product\/yoast-seo-wordpress\/ -->\n<title>Exhibiciones - Galer\u00eda Nacional<\/title>\n<meta name=\"robots\" content=\"index, follow, max-snippet:-1, max-image-preview:large, max-video-preview:-1\" \/>\n<link rel=\"canonical\" href=\"https:\/\/museocr.org\/galeria-nacional\/exhibiciones\/\" \/>\n<meta property=\"og:locale\" content=\"es_ES\" \/>\n<meta property=\"og:type\" content=\"article\" \/>\n<meta property=\"og:title\" content=\"Exhibiciones - Galer\u00eda Nacional\" \/>\n<meta property=\"og:description\" content=\"Exhibiciones Trance Xilogr\u00e1fico Trance Xilogr\u00e1fico es una exposici\u00f3n del artista costarricense Sergio Rojas que reivindica la xilograf\u00eda como&#8230; M\u00e1s informaci\u00f3n Andr\u00f3meda La obra reciente de Ileana Piszk aborda el paisaje como un evento, algo que sucede&#8230; M\u00e1s informaci\u00f3n Van Gogh Vuelo Imposible | La Galer\u00eda Nacional los invita a disfrutar de la nueva exposici\u00f3n \u201cVuelo&#8230; [&hellip;]\" \/>\n<meta property=\"og:url\" content=\"https:\/\/museocr.org\/galeria-nacional\/exhibiciones\/\" \/>\n<meta property=\"og:site_name\" content=\"Galer\u00eda Nacional\" \/>\n<meta property=\"article:modified_time\" content=\"2025-03-01T15:57:19+00:00\" \/>\n<meta property=\"og:image\" content=\"https:\/\/museocr.org\/galeria-nacional\/wp-content\/uploads\/sites\/4\/2024\/11\/Trance-Xilografico.jpg\" \/>\n<meta name=\"twitter:card\" content=\"summary_large_image\" \/>\n<meta name=\"twitter:label1\" content=\"Est. reading time\" \/>\n\t<meta name=\"twitter:data1\" content=\"2 minutos\" \/>\n<script type=\"application\/ld+json\" class=\"yoast-schema-graph\">{\"@context\":\"https:\\\/\\\/schema.org\",\"@graph\":[{\"@type\":\"WebPage\",\"@id\":\"https:\\\/\\\/museocr.org\\\/galeria-nacional\\\/exhibiciones\\\/\",\"url\":\"https:\\\/\\\/museocr.org\\\/galeria-nacional\\\/exhibiciones\\\/\",\"name\":\"Exhibiciones - Galer\u00eda Nacional\",\"isPartOf\":{\"@id\":\"https:\\\/\\\/museocr.org\\\/galeria-nacional\\\/#website\"},\"primaryImageOfPage\":{\"@id\":\"https:\\\/\\\/museocr.org\\\/galeria-nacional\\\/exhibiciones\\\/#primaryimage\"},\"image\":{\"@id\":\"https:\\\/\\\/museocr.org\\\/galeria-nacional\\\/exhibiciones\\\/#primaryimage\"},\"thumbnailUrl\":\"https:\\\/\\\/museocr.org\\\/galeria-nacional\\\/wp-content\\\/uploads\\\/sites\\\/4\\\/2024\\\/11\\\/Trance-Xilografico.jpg\",\"datePublished\":\"2024-11-07T17:24:31+00:00\",\"dateModified\":\"2025-03-01T15:57:19+00:00\",\"breadcrumb\":{\"@id\":\"https:\\\/\\\/museocr.org\\\/galeria-nacional\\\/exhibiciones\\\/#breadcrumb\"},\"inLanguage\":\"es-CR\",\"potentialAction\":[{\"@type\":\"ReadAction\",\"target\":[\"https:\\\/\\\/museocr.org\\\/galeria-nacional\\\/exhibiciones\\\/\"]}]},{\"@type\":\"ImageObject\",\"inLanguage\":\"es-CR\",\"@id\":\"https:\\\/\\\/museocr.org\\\/galeria-nacional\\\/exhibiciones\\\/#primaryimage\",\"url\":\"https:\\\/\\\/museocr.org\\\/galeria-nacional\\\/wp-content\\\/uploads\\\/sites\\\/4\\\/2024\\\/11\\\/Trance-Xilografico.jpg\",\"contentUrl\":\"https:\\\/\\\/museocr.org\\\/galeria-nacional\\\/wp-content\\\/uploads\\\/sites\\\/4\\\/2024\\\/11\\\/Trance-Xilografico.jpg\",\"width\":526,\"height\":526},{\"@type\":\"BreadcrumbList\",\"@id\":\"https:\\\/\\\/museocr.org\\\/galeria-nacional\\\/exhibiciones\\\/#breadcrumb\",\"itemListElement\":[{\"@type\":\"ListItem\",\"position\":1,\"name\":\"Portada\",\"item\":\"https:\\\/\\\/museocr.org\\\/galeria-nacional\\\/\"},{\"@type\":\"ListItem\",\"position\":2,\"name\":\"Exhibiciones\"}]},{\"@type\":\"WebSite\",\"@id\":\"https:\\\/\\\/museocr.org\\\/galeria-nacional\\\/#website\",\"url\":\"https:\\\/\\\/museocr.org\\\/galeria-nacional\\\/\",\"name\":\"Galer\u00eda Nacional\",\"description\":\"\",\"potentialAction\":[{\"@type\":\"SearchAction\",\"target\":{\"@type\":\"EntryPoint\",\"urlTemplate\":\"https:\\\/\\\/museocr.org\\\/galeria-nacional\\\/?s={search_term_string}\"},\"query-input\":{\"@type\":\"PropertyValueSpecification\",\"valueRequired\":true,\"valueName\":\"search_term_string\"}}],\"inLanguage\":\"es-CR\"}]}<\/script>\n<!-- \/ Yoast SEO plugin. -->","yoast_head_json":{"title":"Exhibiciones - Galer\u00eda Nacional","robots":{"index":"index","follow":"follow","max-snippet":"max-snippet:-1","max-image-preview":"max-image-preview:large","max-video-preview":"max-video-preview:-1"},"canonical":"https:\/\/museocr.org\/galeria-nacional\/exhibiciones\/","og_locale":"es_ES","og_type":"article","og_title":"Exhibiciones - Galer\u00eda Nacional","og_description":"Exhibiciones Trance Xilogr\u00e1fico Trance Xilogr\u00e1fico es una exposici\u00f3n del artista costarricense Sergio Rojas que reivindica la xilograf\u00eda como&#8230; M\u00e1s informaci\u00f3n Andr\u00f3meda La obra reciente de Ileana Piszk aborda el paisaje como un evento, algo que sucede&#8230; M\u00e1s informaci\u00f3n Van Gogh Vuelo Imposible | La Galer\u00eda Nacional los invita a disfrutar de la nueva exposici\u00f3n \u201cVuelo&#8230; [&hellip;]","og_url":"https:\/\/museocr.org\/galeria-nacional\/exhibiciones\/","og_site_name":"Galer\u00eda Nacional","article_modified_time":"2025-03-01T15:57:19+00:00","og_image":[{"url":"https:\/\/museocr.org\/galeria-nacional\/wp-content\/uploads\/sites\/4\/2024\/11\/Trance-Xilografico.jpg","type":"","width":"","height":""}],"twitter_card":"summary_large_image","twitter_misc":{"Est. reading time":"2 minutos"},"schema":{"@context":"https:\/\/schema.org","@graph":[{"@type":"WebPage","@id":"https:\/\/museocr.org\/galeria-nacional\/exhibiciones\/","url":"https:\/\/museocr.org\/galeria-nacional\/exhibiciones\/","name":"Exhibiciones - Galer\u00eda Nacional","isPartOf":{"@id":"https:\/\/museocr.org\/galeria-nacional\/#website"},"primaryImageOfPage":{"@id":"https:\/\/museocr.org\/galeria-nacional\/exhibiciones\/#primaryimage"},"image":{"@id":"https:\/\/museocr.org\/galeria-nacional\/exhibiciones\/#primaryimage"},"thumbnailUrl":"https:\/\/museocr.org\/galeria-nacional\/wp-content\/uploads\/sites\/4\/2024\/11\/Trance-Xilografico.jpg","datePublished":"2024-11-07T17:24:31+00:00","dateModified":"2025-03-01T15:57:19+00:00","breadcrumb":{"@id":"https:\/\/museocr.org\/galeria-nacional\/exhibiciones\/#breadcrumb"},"inLanguage":"es-CR","potentialAction":[{"@type":"ReadAction","target":["https:\/\/museocr.org\/galeria-nacional\/exhibiciones\/"]}]},{"@type":"ImageObject","inLanguage":"es-CR","@id":"https:\/\/museocr.org\/galeria-nacional\/exhibiciones\/#primaryimage","url":"https:\/\/museocr.org\/galeria-nacional\/wp-content\/uploads\/sites\/4\/2024\/11\/Trance-Xilografico.jpg","contentUrl":"https:\/\/museocr.org\/galeria-nacional\/wp-content\/uploads\/sites\/4\/2024\/11\/Trance-Xilografico.jpg","width":526,"height":526},{"@type":"BreadcrumbList","@id":"https:\/\/museocr.org\/galeria-nacional\/exhibiciones\/#breadcrumb","itemListElement":[{"@type":"ListItem","position":1,"name":"Portada","item":"https:\/\/museocr.org\/galeria-nacional\/"},{"@type":"ListItem","position":2,"name":"Exhibiciones"}]},{"@type":"WebSite","@id":"https:\/\/museocr.org\/galeria-nacional\/#website","url":"https:\/\/museocr.org\/galeria-nacional\/","name":"Galer\u00eda Nacional","description":"","potentialAction":[{"@type":"SearchAction","target":{"@type":"EntryPoint","urlTemplate":"https:\/\/museocr.org\/galeria-nacional\/?s={search_term_string}"},"query-input":{"@type":"PropertyValueSpecification","valueRequired":true,"valueName":"search_term_string"}}],"inLanguage":"es-CR"}]}},"_links":{"self":[{"href":"https:\/\/museocr.org\/galeria-nacional\/wp-json\/wp\/v2\/pages\/113","targetHints":{"allow":["GET"]}}],"collection":[{"href":"https:\/\/museocr.org\/galeria-nacional\/wp-json\/wp\/v2\/pages"}],"about":[{"href":"https:\/\/museocr.org\/galeria-nacional\/wp-json\/wp\/v2\/types\/page"}],"author":[{"embeddable":true,"href":"https:\/\/museocr.org\/galeria-nacional\/wp-json\/wp\/v2\/users\/3"}],"replies":[{"embeddable":true,"href":"https:\/\/museocr.org\/galeria-nacional\/wp-json\/wp\/v2\/comments?post=113"}],"version-history":[{"count":52,"href":"https:\/\/museocr.org\/galeria-nacional\/wp-json\/wp\/v2\/pages\/113\/revisions"}],"predecessor-version":[{"id":492,"href":"https:\/\/museocr.org\/galeria-nacional\/wp-json\/wp\/v2\/pages\/113\/revisions\/492"}],"wp:attachment":[{"href":"https:\/\/museocr.org\/galeria-nacional\/wp-json\/wp\/v2\/media?parent=113"}],"curies":[{"name":"wp","href":"https:\/\/api.w.org\/{rel}","templated":true}]}}