{"id":2,"date":"2024-04-24T01:37:09","date_gmt":"2024-04-24T01:37:09","guid":{"rendered":"https:\/\/museocr.org\/galeria-nacional\/?page_id=2"},"modified":"2026-03-04T12:30:38","modified_gmt":"2026-03-04T18:30:38","slug":"inicio","status":"publish","type":"page","link":"https:\/\/museocr.org\/galeria-nacional\/","title":{"rendered":"Inicio"},"content":{"rendered":"\t\t<div data-elementor-type=\"wp-page\" data-elementor-id=\"2\" class=\"elementor elementor-2\" data-elementor-post-type=\"page\">\n\t\t\t\t<div data-particle_enable=\"false\" data-particle-mobile-disabled=\"false\" data-dce-background-image-url=\"https:\/\/museocr.org\/galeria-nacional\/wp-content\/uploads\/sites\/4\/2024\/10\/Sliders.png\" class=\"elementor-element elementor-element-1f1a218 e-flex e-con-boxed e-con e-parent\" data-id=\"1f1a218\" data-element_type=\"container\" data-settings=\"{&quot;background_background&quot;:&quot;classic&quot;}\">\n\t\t\t\t\t<div class=\"e-con-inner\">\n\t\t<div data-particle_enable=\"false\" data-particle-mobile-disabled=\"false\" class=\"elementor-element elementor-element-e74165a e-flex e-con-boxed e-con e-child\" data-id=\"e74165a\" data-element_type=\"container\">\n\t\t\t\t\t<div class=\"e-con-inner\">\n\t\t\t\t<div class=\"elementor-element elementor-element-a8ce807 elementor-widget__width-initial elementor-widget elementor-widget-heading\" data-id=\"a8ce807\" data-element_type=\"widget\" data-widget_type=\"heading.default\">\n\t\t\t\t<div class=\"elementor-widget-container\">\n\t\t\t\t\t<h1 class=\"elementor-heading-title elementor-size-default\">Principal epicentro art\u00edstico de San Jos\u00e9.<\/h1>\t\t\t\t<\/div>\n\t\t\t\t<\/div>\n\t\t\t\t<div class=\"elementor-element elementor-element-6e13b15 elementor-widget elementor-widget-button\" data-id=\"6e13b15\" data-element_type=\"widget\" data-widget_type=\"button.default\">\n\t\t\t\t<div class=\"elementor-widget-container\">\n\t\t\t\t\t\t\t\t\t<div class=\"elementor-button-wrapper\">\n\t\t\t\t\t<a class=\"elementor-button elementor-button-link elementor-size-sm elementor-animation-grow\" href=\"https:\/\/museocr.org\/galeria-nacional\/exhibiciones\/\">\n\t\t\t\t\t\t<span class=\"elementor-button-content-wrapper\">\n\t\t\t\t\t\t\t\t\t<span class=\"elementor-button-text\">Ver exhibiciones<\/span>\n\t\t\t\t\t<\/span>\n\t\t\t\t\t<\/a>\n\t\t\t\t<\/div>\n\t\t\t\t\t\t\t\t<\/div>\n\t\t\t\t<\/div>\n\t\t\t\t\t<\/div>\n\t\t\t\t<\/div>\n\t\t\t\t\t<\/div>\n\t\t\t\t<\/div>\n\t\t<div data-particle_enable=\"false\" data-particle-mobile-disabled=\"false\" data-dce-background-overlay-color=\"#02010100\" class=\"elementor-element elementor-element-3a748fe e-flex e-con-boxed e-con e-parent\" data-id=\"3a748fe\" data-element_type=\"container\" data-settings=\"{&quot;background_background&quot;:&quot;classic&quot;}\">\n\t\t\t\t\t<div class=\"e-con-inner\">\n\t\t\t\t<div class=\"elementor-element elementor-element-aeb07c5 elementor-widget__width-initial elementor-widget elementor-widget-heading\" data-id=\"aeb07c5\" data-element_type=\"widget\" data-widget_type=\"heading.default\">\n\t\t\t\t<div class=\"elementor-widget-container\">\n\t\t\t\t\t<h2 class=\"elementor-heading-title elementor-size-default\">La Galer\u00eda de arte m\u00e1s vers\u00e1til de Costa Rica<\/h2>\t\t\t\t<\/div>\n\t\t\t\t<\/div>\n\t\t\t\t\t<\/div>\n\t\t\t\t<\/div>\n\t\t<div data-particle_enable=\"false\" data-particle-mobile-disabled=\"false\" data-dce-background-color=\"#000000\" data-dce-background-overlay-color=\"#FFFFFF00\" data-dce-background-image-url=\"https:\/\/museocr.org\/galeria-nacional\/wp-content\/uploads\/sites\/4\/2024\/11\/Sliders.png\" class=\"elementor-element elementor-element-1706c90 e-flex e-con-boxed e-con e-parent\" data-id=\"1706c90\" data-element_type=\"container\" data-settings=\"{&quot;background_background&quot;:&quot;classic&quot;}\">\n\t\t\t\t\t<div class=\"e-con-inner\">\n\t\t<div data-particle_enable=\"false\" data-particle-mobile-disabled=\"false\" class=\"elementor-element elementor-element-0e40824 e-con-full e-flex e-con e-child\" data-id=\"0e40824\" data-element_type=\"container\">\n\t\t\t\t<div class=\"elementor-element elementor-element-759bdd9 elementor-widget elementor-widget-heading\" data-id=\"759bdd9\" data-element_type=\"widget\" data-widget_type=\"heading.default\">\n\t\t\t\t<div class=\"elementor-widget-container\">\n\t\t\t\t\t<h2 class=\"elementor-heading-title elementor-size-default\">Exhibiciones<\/h2>\t\t\t\t<\/div>\n\t\t\t\t<\/div>\n\t\t\t\t<\/div>\n\t\t<div data-particle_enable=\"false\" data-particle-mobile-disabled=\"false\" class=\"elementor-element elementor-element-18fe98f e-flex e-con-boxed e-con e-child\" data-id=\"18fe98f\" data-element_type=\"container\">\n\t\t\t\t\t<div class=\"e-con-inner\">\n\t\t\t\t<div class=\"elementor-element elementor-element-9611c0a elementor-grid-eael-col-3 elementor-widget__width-inherit elementor-grid-tablet-eael-col-2 elementor-grid-mobile-eael-col-1 elementor-widget elementor-widget-eael-post-grid\" data-id=\"9611c0a\" data-element_type=\"widget\" data-settings=\"{&quot;eael_post_grid_columns&quot;:&quot;eael-col-3&quot;,&quot;eael_post_grid_columns_tablet&quot;:&quot;eael-col-2&quot;,&quot;eael_post_grid_columns_mobile&quot;:&quot;eael-col-1&quot;}\" data-widget_type=\"eael-post-grid.default\">\n\t\t\t\t<div class=\"elementor-widget-container\">\n\t\t\t\t\t<div id=\"eael-post-grid-9611c0a\" class=\"eael-post-grid-container\">\n            <div class=\"eael-post-grid eael-post-appender eael-post-appender-9611c0a eael-post-grid-style-one\" data-layout-mode=\"grid\"><article class=\"eael-grid-post eael-post-grid-column\" data-id=\"321\">\n        <div class=\"eael-grid-post-holder\">\n            <div class=\"eael-grid-post-holder-inner\"><div class=\"eael-entry-media\"><div class=\"eael-entry-overlay fade-in\"><i class=\"far fa-star\" aria-hidden=\"true\"><\/i><a href=\"https:\/\/museocr.org\/galeria-nacional\/trance-xilografico\/\"><\/a><\/div><div class=\"eael-entry-thumbnail \">\n                <img fetchpriority=\"high\" decoding=\"async\" width=\"300\" height=\"300\" src=\"https:\/\/museocr.org\/galeria-nacional\/wp-content\/uploads\/sites\/4\/2024\/11\/Trance-Xilografico-300x300.jpg\" class=\"attachment-medium size-medium wp-image-322\" alt=\"\" srcset=\"https:\/\/museocr.org\/galeria-nacional\/wp-content\/uploads\/sites\/4\/2024\/11\/Trance-Xilografico-300x300.jpg 300w, https:\/\/museocr.org\/galeria-nacional\/wp-content\/uploads\/sites\/4\/2024\/11\/Trance-Xilografico-150x150.jpg 150w, https:\/\/museocr.org\/galeria-nacional\/wp-content\/uploads\/sites\/4\/2024\/11\/Trance-Xilografico.jpg 526w\" sizes=\"(max-width: 300px) 100vw, 300px\" \/>\n            <\/div>\n        <\/div><div class=\"eael-entry-wrapper\"><header class=\"eael-entry-header\"><h2 class=\"eael-entry-title\"><a\n                        class=\"eael-grid-post-link\"\n                        href=\"https:\/\/museocr.org\/galeria-nacional\/trance-xilografico\/\"\n                        title=\"Trance Xilogr\u00e1fico\">Trance Xilogr\u00e1fico<\/a><\/h2><\/header><div class=\"eael-entry-header-after\"><div class=\"eael-entry-meta\"><\/div><\/div><div class=\"eael-entry-content\">\n                        <div class=\"eael-grid-post-excerpt\"><p>Trance Xilogr\u00e1fico es una exposici\u00f3n del artista costarricense Sergio Rojas...<\/p><a href=\"https:\/\/museocr.org\/galeria-nacional\/trance-xilografico\/\" class=\"eael-post-elements-readmore-btn\">M\u00e1s informaci\u00f3n<\/a><\/div>\n                    <\/div><\/div><\/div>\n        <\/div>\n    <\/article><article class=\"eael-grid-post eael-post-grid-column\" data-id=\"317\">\n        <div class=\"eael-grid-post-holder\">\n            <div class=\"eael-grid-post-holder-inner\"><div class=\"eael-entry-media\"><div class=\"eael-entry-overlay fade-in\"><i class=\"far fa-star\" aria-hidden=\"true\"><\/i><a href=\"https:\/\/museocr.org\/galeria-nacional\/andromeda\/\"><\/a><\/div><div class=\"eael-entry-thumbnail \">\n                <img decoding=\"async\" width=\"300\" height=\"300\" src=\"https:\/\/museocr.org\/galeria-nacional\/wp-content\/uploads\/sites\/4\/2024\/11\/Andromeda-300x300.jpg\" class=\"attachment-medium size-medium wp-image-318\" alt=\"\" srcset=\"https:\/\/museocr.org\/galeria-nacional\/wp-content\/uploads\/sites\/4\/2024\/11\/Andromeda-300x300.jpg 300w, https:\/\/museocr.org\/galeria-nacional\/wp-content\/uploads\/sites\/4\/2024\/11\/Andromeda-150x150.jpg 150w, https:\/\/museocr.org\/galeria-nacional\/wp-content\/uploads\/sites\/4\/2024\/11\/Andromeda.jpg 526w\" sizes=\"(max-width: 300px) 100vw, 300px\" \/>\n            <\/div>\n        <\/div><div class=\"eael-entry-wrapper\"><header class=\"eael-entry-header\"><h2 class=\"eael-entry-title\"><a\n                        class=\"eael-grid-post-link\"\n                        href=\"https:\/\/museocr.org\/galeria-nacional\/andromeda\/\"\n                        title=\"Andr\u00f3meda\">Andr\u00f3meda<\/a><\/h2><\/header><div class=\"eael-entry-header-after\"><div class=\"eael-entry-meta\"><\/div><\/div><div class=\"eael-entry-content\">\n                        <div class=\"eael-grid-post-excerpt\"><p>La obra reciente de Ileana Piszk aborda el paisaje como...<\/p><a href=\"https:\/\/museocr.org\/galeria-nacional\/andromeda\/\" class=\"eael-post-elements-readmore-btn\">M\u00e1s informaci\u00f3n<\/a><\/div>\n                    <\/div><\/div><\/div>\n        <\/div>\n    <\/article><article class=\"eael-grid-post eael-post-grid-column\" data-id=\"183\">\n        <div class=\"eael-grid-post-holder\">\n            <div class=\"eael-grid-post-holder-inner\"><div class=\"eael-entry-media\"><div class=\"eael-entry-overlay fade-in\"><i class=\"far fa-star\" aria-hidden=\"true\"><\/i><a href=\"https:\/\/museocr.org\/galeria-nacional\/van-gogh\/\"><\/a><\/div><div class=\"eael-entry-thumbnail \">\n                <img decoding=\"async\" width=\"300\" height=\"300\" src=\"https:\/\/museocr.org\/galeria-nacional\/wp-content\/uploads\/sites\/4\/2024\/11\/image-27-300x300.png\" class=\"attachment-medium size-medium wp-image-186\" alt=\"\" srcset=\"https:\/\/museocr.org\/galeria-nacional\/wp-content\/uploads\/sites\/4\/2024\/11\/image-27-300x300.png 300w, https:\/\/museocr.org\/galeria-nacional\/wp-content\/uploads\/sites\/4\/2024\/11\/image-27-150x150.png 150w, https:\/\/museocr.org\/galeria-nacional\/wp-content\/uploads\/sites\/4\/2024\/11\/image-27.png 376w\" sizes=\"(max-width: 300px) 100vw, 300px\" \/>\n            <\/div>\n        <\/div><div class=\"eael-entry-wrapper\"><header class=\"eael-entry-header\"><h2 class=\"eael-entry-title\"><a\n                        class=\"eael-grid-post-link\"\n                        href=\"https:\/\/museocr.org\/galeria-nacional\/van-gogh\/\"\n                        title=\"Van Gogh\">Van Gogh<\/a><\/h2><\/header><div class=\"eael-entry-header-after\"><div class=\"eael-entry-meta\"><\/div><\/div><div class=\"eael-entry-content\">\n                        <div class=\"eael-grid-post-excerpt\"><p>Vuelo Imposible | La Galer\u00eda Nacional los invita a disfrutar...<\/p><a href=\"https:\/\/museocr.org\/galeria-nacional\/van-gogh\/\" class=\"eael-post-elements-readmore-btn\">M\u00e1s informaci\u00f3n<\/a><\/div>\n                    <\/div><\/div><\/div>\n        <\/div>\n    <\/article><\/div>\n            <div class=\"clearfix\"><\/div>\n        <\/div>            <div class=\"eael-load-more-button-wrap eael-force-hide\">\n                <button class=\"eael-load-more-button\" id=\"eael-load-more-btn-9611c0a\" data-widget-id=\"9611c0a\" data-widget=\"9611c0a\" data-page-id=\"2\" data-template=\"{&quot;dir&quot;:&quot;lite&quot;,&quot;file_name&quot;:&quot;default.php&quot;,&quot;name&quot;:&quot;Post-Grid&quot;}\" data-class=\"Essential_Addons_Elementor\\Elements\\Post_Grid\" data-layout=\"grid\" data-page=\"1\" data-args=\"orderby=date&amp;order=desc&amp;ignore_sticky_posts=1&amp;post_status=publish&amp;posts_per_page=3&amp;offset=0&amp;post_type=post\" data-max-page=\"2\">\n                    <span class=\"eael-btn-loader button__loader\"><\/span>\n                    <span class=\"eael_load_more_text\">Load More<\/span>\n                <\/button>\n            <\/div>\n            \t\t\t\t<\/div>\n\t\t\t\t<\/div>\n\t\t\t\t\t<\/div>\n\t\t\t\t<\/div>\n\t\t<div data-particle_enable=\"false\" data-particle-mobile-disabled=\"false\" class=\"elementor-element elementor-element-8695154 e-con-full e-flex e-con e-child\" data-id=\"8695154\" data-element_type=\"container\">\n\t\t\t\t<div class=\"elementor-element elementor-element-3460763 elementor-widget elementor-widget-button\" data-id=\"3460763\" data-element_type=\"widget\" data-widget_type=\"button.default\">\n\t\t\t\t<div class=\"elementor-widget-container\">\n\t\t\t\t\t\t\t\t\t<div class=\"elementor-button-wrapper\">\n\t\t\t\t\t<a class=\"elementor-button elementor-button-link elementor-size-sm elementor-animation-grow\" href=\"https:\/\/museocr.org\/galeria-nacional\/exhibiciones\/\">\n\t\t\t\t\t\t<span class=\"elementor-button-content-wrapper\">\n\t\t\t\t\t\t\t\t\t<span class=\"elementor-button-text\">Ver m\u00e1s exhibiciones<\/span>\n\t\t\t\t\t<\/span>\n\t\t\t\t\t<\/a>\n\t\t\t\t<\/div>\n\t\t\t\t\t\t\t\t<\/div>\n\t\t\t\t<\/div>\n\t\t\t\t<\/div>\n\t\t\t\t\t<\/div>\n\t\t\t\t<\/div>\n\t\t<div data-particle_enable=\"false\" data-particle-mobile-disabled=\"false\" data-dce-background-color=\"#FFFFFF\" class=\"elementor-element elementor-element-8252b2e e-flex e-con-boxed e-con e-parent\" data-id=\"8252b2e\" data-element_type=\"container\" data-settings=\"{&quot;background_background&quot;:&quot;classic&quot;}\">\n\t\t\t\t\t<div class=\"e-con-inner\">\n\t\t<div data-particle_enable=\"false\" data-particle-mobile-disabled=\"false\" class=\"elementor-element elementor-element-8798bca e-con-full e-flex e-con e-child\" data-id=\"8798bca\" data-element_type=\"container\" data-settings=\"{&quot;background_background&quot;:&quot;classic&quot;}\">\n\t\t\t\t<div class=\"elementor-element elementor-element-4f9ca8a elementor-widget elementor-widget-heading\" data-id=\"4f9ca8a\" data-element_type=\"widget\" data-widget_type=\"heading.default\">\n\t\t\t\t<div class=\"elementor-widget-container\">\n\t\t\t\t\t<h2 class=\"elementor-heading-title elementor-size-default\">Tel\u00e9fono<\/h2>\t\t\t\t<\/div>\n\t\t\t\t<\/div>\n\t\t\t\t<div class=\"elementor-element elementor-element-f198c24 elementor-widget elementor-widget-text-editor\" data-id=\"f198c24\" data-element_type=\"widget\" data-widget_type=\"text-editor.default\">\n\t\t\t\t<div class=\"elementor-widget-container\">\n\t\t\t\t\t\t\t\t\t<p>(506) 2105 0517<\/p>\t\t\t\t\t\t\t\t<\/div>\n\t\t\t\t<\/div>\n\t\t\t\t<div class=\"elementor-element elementor-element-52e943d elementor-widget elementor-widget-heading\" data-id=\"52e943d\" data-element_type=\"widget\" data-widget_type=\"heading.default\">\n\t\t\t\t<div class=\"elementor-widget-container\">\n\t\t\t\t\t<h2 class=\"elementor-heading-title elementor-size-default\">Redes Sociales<\/h2>\t\t\t\t<\/div>\n\t\t\t\t<\/div>\n\t\t\t\t<div class=\"elementor-element elementor-element-04b7a34 elementor-shape-rounded elementor-grid-0 e-grid-align-center elementor-widget elementor-widget-social-icons\" data-id=\"04b7a34\" data-element_type=\"widget\" data-widget_type=\"social-icons.default\">\n\t\t\t\t<div class=\"elementor-widget-container\">\n\t\t\t\t\t\t\t<div class=\"elementor-social-icons-wrapper elementor-grid\">\n\t\t\t\t\t\t\t<span class=\"elementor-grid-item\">\n\t\t\t\t\t<a class=\"elementor-icon elementor-social-icon elementor-social-icon-facebook elementor-animation-grow elementor-repeater-item-8c524c8\" href=\"https:\/\/www.facebook.com\/GaleriaNacionalCR\" target=\"_blank\">\n\t\t\t\t\t\t<span class=\"elementor-screen-only\">Facebook<\/span>\n\t\t\t\t\t\t<svg class=\"e-font-icon-svg e-fab-facebook\" viewBox=\"0 0 512 512\" xmlns=\"http:\/\/www.w3.org\/2000\/svg\"><path d=\"M504 256C504 119 393 8 256 8S8 119 8 256c0 123.78 90.69 226.38 209.25 245V327.69h-63V256h63v-54.64c0-62.15 37-96.48 93.67-96.48 27.14 0 55.52 4.84 55.52 4.84v61h-31.28c-30.8 0-40.41 19.12-40.41 38.73V256h68.78l-11 71.69h-57.78V501C413.31 482.38 504 379.78 504 256z\"><\/path><\/svg>\t\t\t\t\t<\/a>\n\t\t\t\t<\/span>\n\t\t\t\t\t\t\t<span class=\"elementor-grid-item\">\n\t\t\t\t\t<a class=\"elementor-icon elementor-social-icon elementor-social-icon-instagram elementor-animation-grow elementor-repeater-item-787e07f\" href=\"https:\/\/www.instagram.com\/galerianacionalcr\/\" target=\"_blank\">\n\t\t\t\t\t\t<span class=\"elementor-screen-only\">Instagram<\/span>\n\t\t\t\t\t\t<svg class=\"e-font-icon-svg e-fab-instagram\" viewBox=\"0 0 448 512\" xmlns=\"http:\/\/www.w3.org\/2000\/svg\"><path d=\"M224.1 141c-63.6 0-114.9 51.3-114.9 114.9s51.3 114.9 114.9 114.9S339 319.5 339 255.9 287.7 141 224.1 141zm0 189.6c-41.1 0-74.7-33.5-74.7-74.7s33.5-74.7 74.7-74.7 74.7 33.5 74.7 74.7-33.6 74.7-74.7 74.7zm146.4-194.3c0 14.9-12 26.8-26.8 26.8-14.9 0-26.8-12-26.8-26.8s12-26.8 26.8-26.8 26.8 12 26.8 26.8zm76.1 27.2c-1.7-35.9-9.9-67.7-36.2-93.9-26.2-26.2-58-34.4-93.9-36.2-37-2.1-147.9-2.1-184.9 0-35.8 1.7-67.6 9.9-93.9 36.1s-34.4 58-36.2 93.9c-2.1 37-2.1 147.9 0 184.9 1.7 35.9 9.9 67.7 36.2 93.9s58 34.4 93.9 36.2c37 2.1 147.9 2.1 184.9 0 35.9-1.7 67.7-9.9 93.9-36.2 26.2-26.2 34.4-58 36.2-93.9 2.1-37 2.1-147.8 0-184.8zM398.8 388c-7.8 19.6-22.9 34.7-42.6 42.6-29.5 11.7-99.5 9-132.1 9s-102.7 2.6-132.1-9c-19.6-7.8-34.7-22.9-42.6-42.6-11.7-29.5-9-99.5-9-132.1s-2.6-102.7 9-132.1c7.8-19.6 22.9-34.7 42.6-42.6 29.5-11.7 99.5-9 132.1-9s102.7-2.6 132.1 9c19.6 7.8 34.7 22.9 42.6 42.6 11.7 29.5 9 99.5 9 132.1s2.7 102.7-9 132.1z\"><\/path><\/svg>\t\t\t\t\t<\/a>\n\t\t\t\t<\/span>\n\t\t\t\t\t\t\t<span class=\"elementor-grid-item\">\n\t\t\t\t\t<a class=\"elementor-icon elementor-social-icon elementor-social-icon-youtube elementor-animation-grow elementor-repeater-item-025eb6e\" href=\"https:\/\/www.youtube.com\/@GaleriaNacional\" target=\"_blank\">\n\t\t\t\t\t\t<span class=\"elementor-screen-only\">Youtube<\/span>\n\t\t\t\t\t\t<svg class=\"e-font-icon-svg e-fab-youtube\" viewBox=\"0 0 576 512\" xmlns=\"http:\/\/www.w3.org\/2000\/svg\"><path d=\"M549.655 124.083c-6.281-23.65-24.787-42.276-48.284-48.597C458.781 64 288 64 288 64S117.22 64 74.629 75.486c-23.497 6.322-42.003 24.947-48.284 48.597-11.412 42.867-11.412 132.305-11.412 132.305s0 89.438 11.412 132.305c6.281 23.65 24.787 41.5 48.284 47.821C117.22 448 288 448 288 448s170.78 0 213.371-11.486c23.497-6.321 42.003-24.171 48.284-47.821 11.412-42.867 11.412-132.305 11.412-132.305s0-89.438-11.412-132.305zm-317.51 213.508V175.185l142.739 81.205-142.739 81.201z\"><\/path><\/svg>\t\t\t\t\t<\/a>\n\t\t\t\t<\/span>\n\t\t\t\t\t<\/div>\n\t\t\t\t\t\t<\/div>\n\t\t\t\t<\/div>\n\t\t\t\t<div class=\"elementor-element elementor-element-064d14a elementor-widget elementor-widget-heading\" data-id=\"064d14a\" data-element_type=\"widget\" data-widget_type=\"heading.default\">\n\t\t\t\t<div class=\"elementor-widget-container\">\n\t\t\t\t\t<h2 class=\"elementor-heading-title elementor-size-default\">Email<\/h2>\t\t\t\t<\/div>\n\t\t\t\t<\/div>\n\t\t\t\t<div class=\"elementor-element elementor-element-5fcfdcb elementor-widget elementor-widget-text-editor\" data-id=\"5fcfdcb\" data-element_type=\"widget\" data-widget_type=\"text-editor.default\">\n\t\t\t\t<div class=\"elementor-widget-container\">\n\t\t\t\t\t\t\t\t\t<p>galerianacional@museocr.org<\/p>\t\t\t\t\t\t\t\t<\/div>\n\t\t\t\t<\/div>\n\t\t\t\t<div class=\"elementor-element elementor-element-f545595 elementor-widget elementor-widget-heading\" data-id=\"f545595\" data-element_type=\"widget\" data-widget_type=\"heading.default\">\n\t\t\t\t<div class=\"elementor-widget-container\">\n\t\t\t\t\t<h2 class=\"elementor-heading-title elementor-size-default\">Horario<\/h2>\t\t\t\t<\/div>\n\t\t\t\t<\/div>\n\t\t\t\t<div class=\"elementor-element elementor-element-d74fcaf elementor-widget elementor-widget-text-editor\" data-id=\"d74fcaf\" data-element_type=\"widget\" data-widget_type=\"text-editor.default\">\n\t\t\t\t<div class=\"elementor-widget-container\">\n\t\t\t\t\t\t\t\t\t<p>Martes a Domingo de 9 am a 5 pm<\/p>\t\t\t\t\t\t\t\t<\/div>\n\t\t\t\t<\/div>\n\t\t\t\t<\/div>\n\t\t<div data-particle_enable=\"false\" data-particle-mobile-disabled=\"false\" class=\"elementor-element elementor-element-6c8df89 e-con-full e-flex e-con e-child\" data-id=\"6c8df89\" data-element_type=\"container\">\n\t\t\t\t<div class=\"elementor-element elementor-element-59b357c elementor-widget elementor-widget-heading\" data-id=\"59b357c\" data-element_type=\"widget\" data-widget_type=\"heading.default\">\n\t\t\t\t<div class=\"elementor-widget-container\">\n\t\t\t\t\t<h2 class=\"elementor-heading-title elementor-size-default\">Vis\u00edtenos<\/h2>\t\t\t\t<\/div>\n\t\t\t\t<\/div>\n\t\t\t\t<div class=\"elementor-element elementor-element-91bf694 elementor-widget elementor-widget-text-editor\" data-id=\"91bf694\" data-element_type=\"widget\" data-widget_type=\"text-editor.default\">\n\t\t\t\t<div class=\"elementor-widget-container\">\n\t\t\t\t\t\t\t\t\tCalle 4, Avenida 9, San Jos\u00e9, Costa Rica\t\t\t\t\t\t\t\t<\/div>\n\t\t\t\t<\/div>\n\t\t\t\t<div class=\"elementor-element elementor-element-467a0fa elementor-widget elementor-widget-google_maps\" data-id=\"467a0fa\" data-element_type=\"widget\" data-widget_type=\"google_maps.default\">\n\t\t\t\t<div class=\"elementor-widget-container\">\n\t\t\t\t\t\t\t<div class=\"elementor-custom-embed\">\n\t\t\t<iframe loading=\"lazy\"\n\t\t\t\t\tsrc=\"https:\/\/maps.google.com\/maps?q=Galer%C3%ADa%20Nacional&#038;t=m&#038;z=16&#038;output=embed&#038;iwloc=near\"\n\t\t\t\t\ttitle=\"Galer\u00eda Nacional\"\n\t\t\t\t\taria-label=\"Galer\u00eda Nacional\"\n\t\t\t><\/iframe>\n\t\t<\/div>\n\t\t\t\t\t\t<\/div>\n\t\t\t\t<\/div>\n\t\t\t\t<\/div>\n\t\t\t\t\t<\/div>\n\t\t\t\t<\/div>\n\t\t\t\t<\/div>\n\t\t","protected":false},"excerpt":{"rendered":"<p>Principal epicentro art\u00edstico de San Jos\u00e9. Ver exhibiciones La Galer\u00eda de arte m\u00e1s vers\u00e1til de Costa Rica Exhibiciones Trance Xilogr\u00e1fico Trance Xilogr\u00e1fico es una exposici\u00f3n del artista costarricense Sergio Rojas&#8230; M\u00e1s informaci\u00f3n Andr\u00f3meda La obra reciente de Ileana Piszk aborda el paisaje como&#8230; M\u00e1s informaci\u00f3n Van Gogh Vuelo Imposible | La Galer\u00eda Nacional los invita [&hellip;]<\/p>\n","protected":false},"author":3,"featured_media":0,"parent":0,"menu_order":0,"comment_status":"closed","ping_status":"closed","template":"elementor_header_footer","meta":{"_acf_changed":false,"footnotes":""},"class_list":["post-2","page","type-page","status-publish","hentry"],"acf":[],"yoast_head":"<!-- This site is optimized with the Yoast SEO plugin v27.5 - https:\/\/yoast.com\/product\/yoast-seo-wordpress\/ -->\n<title>Inicio - Galer\u00eda Nacional<\/title>\n<meta name=\"robots\" content=\"index, follow, max-snippet:-1, max-image-preview:large, max-video-preview:-1\" \/>\n<link rel=\"canonical\" href=\"https:\/\/museocr.org\/galeria-nacional\/\" \/>\n<meta property=\"og:locale\" content=\"es_ES\" \/>\n<meta property=\"og:type\" content=\"article\" \/>\n<meta property=\"og:title\" content=\"Inicio - Galer\u00eda Nacional\" \/>\n<meta property=\"og:description\" content=\"Principal epicentro art\u00edstico de San Jos\u00e9. Ver exhibiciones La Galer\u00eda de arte m\u00e1s vers\u00e1til de Costa Rica Exhibiciones Trance Xilogr\u00e1fico Trance Xilogr\u00e1fico es una exposici\u00f3n del artista costarricense Sergio Rojas&#8230; M\u00e1s informaci\u00f3n Andr\u00f3meda La obra reciente de Ileana Piszk aborda el paisaje como&#8230; M\u00e1s informaci\u00f3n Van Gogh Vuelo Imposible | La Galer\u00eda Nacional los invita [&hellip;]\" \/>\n<meta property=\"og:url\" content=\"https:\/\/museocr.org\/galeria-nacional\/\" \/>\n<meta property=\"og:site_name\" content=\"Galer\u00eda Nacional\" \/>\n<meta property=\"article:modified_time\" content=\"2026-03-04T18:30:38+00:00\" \/>\n<meta property=\"og:image\" content=\"https:\/\/museocr.org\/galeria-nacional\/wp-content\/uploads\/sites\/4\/2024\/11\/Trance-Xilografico.jpg\" \/>\n\t<meta property=\"og:image:width\" content=\"526\" \/>\n\t<meta property=\"og:image:height\" content=\"526\" \/>\n\t<meta property=\"og:image:type\" content=\"image\/jpeg\" \/>\n<meta name=\"twitter:card\" content=\"summary_large_image\" \/>\n<meta name=\"twitter:label1\" content=\"Est. reading time\" \/>\n\t<meta name=\"twitter:data1\" content=\"2 minutos\" \/>\n<script type=\"application\/ld+json\" class=\"yoast-schema-graph\">{\"@context\":\"https:\\\/\\\/schema.org\",\"@graph\":[{\"@type\":\"WebPage\",\"@id\":\"https:\\\/\\\/museocr.org\\\/galeria-nacional\\\/\",\"url\":\"https:\\\/\\\/museocr.org\\\/galeria-nacional\\\/\",\"name\":\"Inicio - Galer\u00eda Nacional\",\"isPartOf\":{\"@id\":\"https:\\\/\\\/museocr.org\\\/galeria-nacional\\\/#website\"},\"primaryImageOfPage\":{\"@id\":\"https:\\\/\\\/museocr.org\\\/galeria-nacional\\\/#primaryimage\"},\"image\":{\"@id\":\"https:\\\/\\\/museocr.org\\\/galeria-nacional\\\/#primaryimage\"},\"thumbnailUrl\":\"https:\\\/\\\/museocr.org\\\/galeria-nacional\\\/wp-content\\\/uploads\\\/sites\\\/4\\\/2024\\\/11\\\/Trance-Xilografico-300x300.jpg\",\"datePublished\":\"2024-04-24T01:37:09+00:00\",\"dateModified\":\"2026-03-04T18:30:38+00:00\",\"breadcrumb\":{\"@id\":\"https:\\\/\\\/museocr.org\\\/galeria-nacional\\\/#breadcrumb\"},\"inLanguage\":\"es-CR\",\"potentialAction\":[{\"@type\":\"ReadAction\",\"target\":[\"https:\\\/\\\/museocr.org\\\/galeria-nacional\\\/\"]}]},{\"@type\":\"ImageObject\",\"inLanguage\":\"es-CR\",\"@id\":\"https:\\\/\\\/museocr.org\\\/galeria-nacional\\\/#primaryimage\",\"url\":\"https:\\\/\\\/museocr.org\\\/galeria-nacional\\\/wp-content\\\/uploads\\\/sites\\\/4\\\/2024\\\/11\\\/Trance-Xilografico.jpg\",\"contentUrl\":\"https:\\\/\\\/museocr.org\\\/galeria-nacional\\\/wp-content\\\/uploads\\\/sites\\\/4\\\/2024\\\/11\\\/Trance-Xilografico.jpg\",\"width\":526,\"height\":526},{\"@type\":\"BreadcrumbList\",\"@id\":\"https:\\\/\\\/museocr.org\\\/galeria-nacional\\\/#breadcrumb\",\"itemListElement\":[{\"@type\":\"ListItem\",\"position\":1,\"name\":\"Portada\",\"item\":\"https:\\\/\\\/museocr.org\\\/galeria-nacional\\\/\"},{\"@type\":\"ListItem\",\"position\":2,\"name\":\"Inicio\"}]},{\"@type\":\"WebSite\",\"@id\":\"https:\\\/\\\/museocr.org\\\/galeria-nacional\\\/#website\",\"url\":\"https:\\\/\\\/museocr.org\\\/galeria-nacional\\\/\",\"name\":\"Galer\u00eda Nacional\",\"description\":\"\",\"potentialAction\":[{\"@type\":\"SearchAction\",\"target\":{\"@type\":\"EntryPoint\",\"urlTemplate\":\"https:\\\/\\\/museocr.org\\\/galeria-nacional\\\/?s={search_term_string}\"},\"query-input\":{\"@type\":\"PropertyValueSpecification\",\"valueRequired\":true,\"valueName\":\"search_term_string\"}}],\"inLanguage\":\"es-CR\"}]}<\/script>\n<!-- \/ Yoast SEO plugin. -->","yoast_head_json":{"title":"Inicio - Galer\u00eda Nacional","robots":{"index":"index","follow":"follow","max-snippet":"max-snippet:-1","max-image-preview":"max-image-preview:large","max-video-preview":"max-video-preview:-1"},"canonical":"https:\/\/museocr.org\/galeria-nacional\/","og_locale":"es_ES","og_type":"article","og_title":"Inicio - Galer\u00eda Nacional","og_description":"Principal epicentro art\u00edstico de San Jos\u00e9. Ver exhibiciones La Galer\u00eda de arte m\u00e1s vers\u00e1til de Costa Rica Exhibiciones Trance Xilogr\u00e1fico Trance Xilogr\u00e1fico es una exposici\u00f3n del artista costarricense Sergio Rojas&#8230; M\u00e1s informaci\u00f3n Andr\u00f3meda La obra reciente de Ileana Piszk aborda el paisaje como&#8230; M\u00e1s informaci\u00f3n Van Gogh Vuelo Imposible | La Galer\u00eda Nacional los invita [&hellip;]","og_url":"https:\/\/museocr.org\/galeria-nacional\/","og_site_name":"Galer\u00eda Nacional","article_modified_time":"2026-03-04T18:30:38+00:00","og_image":[{"width":526,"height":526,"url":"https:\/\/museocr.org\/galeria-nacional\/wp-content\/uploads\/sites\/4\/2024\/11\/Trance-Xilografico.jpg","type":"image\/jpeg"}],"twitter_card":"summary_large_image","twitter_misc":{"Est. reading time":"2 minutos"},"schema":{"@context":"https:\/\/schema.org","@graph":[{"@type":"WebPage","@id":"https:\/\/museocr.org\/galeria-nacional\/","url":"https:\/\/museocr.org\/galeria-nacional\/","name":"Inicio - Galer\u00eda Nacional","isPartOf":{"@id":"https:\/\/museocr.org\/galeria-nacional\/#website"},"primaryImageOfPage":{"@id":"https:\/\/museocr.org\/galeria-nacional\/#primaryimage"},"image":{"@id":"https:\/\/museocr.org\/galeria-nacional\/#primaryimage"},"thumbnailUrl":"https:\/\/museocr.org\/galeria-nacional\/wp-content\/uploads\/sites\/4\/2024\/11\/Trance-Xilografico-300x300.jpg","datePublished":"2024-04-24T01:37:09+00:00","dateModified":"2026-03-04T18:30:38+00:00","breadcrumb":{"@id":"https:\/\/museocr.org\/galeria-nacional\/#breadcrumb"},"inLanguage":"es-CR","potentialAction":[{"@type":"ReadAction","target":["https:\/\/museocr.org\/galeria-nacional\/"]}]},{"@type":"ImageObject","inLanguage":"es-CR","@id":"https:\/\/museocr.org\/galeria-nacional\/#primaryimage","url":"https:\/\/museocr.org\/galeria-nacional\/wp-content\/uploads\/sites\/4\/2024\/11\/Trance-Xilografico.jpg","contentUrl":"https:\/\/museocr.org\/galeria-nacional\/wp-content\/uploads\/sites\/4\/2024\/11\/Trance-Xilografico.jpg","width":526,"height":526},{"@type":"BreadcrumbList","@id":"https:\/\/museocr.org\/galeria-nacional\/#breadcrumb","itemListElement":[{"@type":"ListItem","position":1,"name":"Portada","item":"https:\/\/museocr.org\/galeria-nacional\/"},{"@type":"ListItem","position":2,"name":"Inicio"}]},{"@type":"WebSite","@id":"https:\/\/museocr.org\/galeria-nacional\/#website","url":"https:\/\/museocr.org\/galeria-nacional\/","name":"Galer\u00eda Nacional","description":"","potentialAction":[{"@type":"SearchAction","target":{"@type":"EntryPoint","urlTemplate":"https:\/\/museocr.org\/galeria-nacional\/?s={search_term_string}"},"query-input":{"@type":"PropertyValueSpecification","valueRequired":true,"valueName":"search_term_string"}}],"inLanguage":"es-CR"}]}},"_links":{"self":[{"href":"https:\/\/museocr.org\/galeria-nacional\/wp-json\/wp\/v2\/pages\/2","targetHints":{"allow":["GET"]}}],"collection":[{"href":"https:\/\/museocr.org\/galeria-nacional\/wp-json\/wp\/v2\/pages"}],"about":[{"href":"https:\/\/museocr.org\/galeria-nacional\/wp-json\/wp\/v2\/types\/page"}],"author":[{"embeddable":true,"href":"https:\/\/museocr.org\/galeria-nacional\/wp-json\/wp\/v2\/users\/3"}],"replies":[{"embeddable":true,"href":"https:\/\/museocr.org\/galeria-nacional\/wp-json\/wp\/v2\/comments?post=2"}],"version-history":[{"count":121,"href":"https:\/\/museocr.org\/galeria-nacional\/wp-json\/wp\/v2\/pages\/2\/revisions"}],"predecessor-version":[{"id":532,"href":"https:\/\/museocr.org\/galeria-nacional\/wp-json\/wp\/v2\/pages\/2\/revisions\/532"}],"wp:attachment":[{"href":"https:\/\/museocr.org\/galeria-nacional\/wp-json\/wp\/v2\/media?parent=2"}],"curies":[{"name":"wp","href":"https:\/\/api.w.org\/{rel}","templated":true}]}}