{"id":94,"date":"2024-11-07T11:13:54","date_gmt":"2024-11-07T17:13:54","guid":{"rendered":"https:\/\/museocr.org\/galeria-nacional\/?page_id=94"},"modified":"2026-03-04T12:38:44","modified_gmt":"2026-03-04T18:38:44","slug":"nosotros","status":"publish","type":"page","link":"https:\/\/museocr.org\/galeria-nacional\/nosotros\/","title":{"rendered":"Nosotros"},"content":{"rendered":"\t\t<div data-elementor-type=\"wp-page\" data-elementor-id=\"94\" class=\"elementor elementor-94\" data-elementor-post-type=\"page\">\n\t\t\t\t<div data-particle_enable=\"false\" data-particle-mobile-disabled=\"false\" data-dce-background-image-url=\"https:\/\/museocr.org\/galeria-nacional\/wp-content\/uploads\/sites\/4\/2024\/11\/Fondo.png\" class=\"elementor-element elementor-element-f5489c9 e-flex e-con-boxed e-con e-parent\" data-id=\"f5489c9\" data-element_type=\"container\" data-settings=\"{&quot;background_background&quot;:&quot;classic&quot;}\">\n\t\t\t\t\t<div class=\"e-con-inner\">\n\t\t<div data-particle_enable=\"false\" data-particle-mobile-disabled=\"false\" class=\"elementor-element elementor-element-0232df3 e-flex e-con-boxed e-con e-child\" data-id=\"0232df3\" data-element_type=\"container\">\n\t\t\t\t\t<div class=\"e-con-inner\">\n\t\t\t\t<div class=\"elementor-element elementor-element-e21158e elementor-widget__width-initial elementor-widget-mobile__width-initial elementor-widget elementor-widget-heading\" data-id=\"e21158e\" data-element_type=\"widget\" data-widget_type=\"heading.default\">\n\t\t\t\t<div class=\"elementor-widget-container\">\n\t\t\t\t\t<h1 class=\"elementor-heading-title elementor-size-default\">\u00a1Somos pasi\u00f3n por el arte!<\/h1>\t\t\t\t<\/div>\n\t\t\t\t<\/div>\n\t\t\t\t\t<\/div>\n\t\t\t\t<\/div>\n\t\t\t\t\t<\/div>\n\t\t\t\t<\/div>\n\t\t<div data-particle_enable=\"false\" data-particle-mobile-disabled=\"false\" data-dce-background-overlay-color=\"#02010100\" class=\"elementor-element elementor-element-83cbe4b e-flex e-con-boxed e-con e-parent\" data-id=\"83cbe4b\" data-element_type=\"container\" data-settings=\"{&quot;background_background&quot;:&quot;classic&quot;}\">\n\t\t\t\t\t<div class=\"e-con-inner\">\n\t\t<div data-particle_enable=\"false\" data-particle-mobile-disabled=\"false\" class=\"elementor-element elementor-element-db37f35 e-flex e-con-boxed e-con e-child\" data-id=\"db37f35\" data-element_type=\"container\">\n\t\t\t\t\t<div class=\"e-con-inner\">\n\t\t<div data-particle_enable=\"false\" data-particle-mobile-disabled=\"false\" class=\"elementor-element elementor-element-ea33756 e-flex e-con-boxed e-con e-child\" data-id=\"ea33756\" data-element_type=\"container\" data-settings=\"{&quot;background_background&quot;:&quot;classic&quot;}\">\n\t\t\t\t\t<div class=\"e-con-inner\">\n\t\t\t\t<div class=\"elementor-element elementor-element-42339ce elementor-widget elementor-widget-heading\" data-id=\"42339ce\" data-element_type=\"widget\" data-widget_type=\"heading.default\">\n\t\t\t\t<div class=\"elementor-widget-container\">\n\t\t\t\t\t<h2 class=\"elementor-heading-title elementor-size-default\">Tanto su trayectoria como la organizaci\u00f3n de distintas actividades art\u00edsticas de alto nivel le han otorgado a la Galer\u00eda Nacional reconocimiento y prestigio en el \u00e1mbito art\u00edstico dentro y fuera del pa\u00eds.<\/h2>\t\t\t\t<\/div>\n\t\t\t\t<\/div>\n\t\t\t\t<div class=\"elementor-element elementor-element-cfd77f6 dce_masking-none elementor-widget elementor-widget-image\" data-id=\"cfd77f6\" data-element_type=\"widget\" data-widget_type=\"image.default\">\n\t\t\t\t<div class=\"elementor-widget-container\">\n\t\t\t\t\t\t\t\t\t\t\t\t\t\t\t<img decoding=\"async\" width=\"173\" height=\"162\" src=\"https:\/\/museocr.org\/galeria-nacional\/wp-content\/uploads\/sites\/4\/2024\/11\/image-14-2.png\" class=\"attachment-full size-full wp-image-97\" alt=\"\" \/>\t\t\t\t\t\t\t\t\t\t\t\t\t\t\t<\/div>\n\t\t\t\t<\/div>\n\t\t\t\t\t<\/div>\n\t\t\t\t<\/div>\n\t\t\t\t\t<\/div>\n\t\t\t\t<\/div>\n\t\t\t\t\t<\/div>\n\t\t\t\t<\/div>\n\t\t<div data-particle_enable=\"false\" data-particle-mobile-disabled=\"false\" data-dce-background-color=\"#E3E3E3\" class=\"elementor-element elementor-element-0ed5648 e-flex e-con-boxed e-con e-parent\" data-id=\"0ed5648\" data-element_type=\"container\" data-settings=\"{&quot;background_background&quot;:&quot;classic&quot;}\">\n\t\t\t\t\t<div class=\"e-con-inner\">\n\t\t<div data-particle_enable=\"false\" data-particle-mobile-disabled=\"false\" class=\"elementor-element elementor-element-f30a4c4 e-flex e-con-boxed e-con e-child\" data-id=\"f30a4c4\" data-element_type=\"container\">\n\t\t\t\t\t<div class=\"e-con-inner\">\n\t\t\t\t<div class=\"elementor-element elementor-element-14d7072 elementor-widget elementor-widget-heading\" data-id=\"14d7072\" data-element_type=\"widget\" data-widget_type=\"heading.default\">\n\t\t\t\t<div class=\"elementor-widget-container\">\n\t\t\t\t\t<h2 class=\"elementor-heading-title elementor-size-default\">Fundaci\u00f3n e Historia<\/h2>\t\t\t\t<\/div>\n\t\t\t\t<\/div>\n\t\t<div data-particle_enable=\"false\" data-particle-mobile-disabled=\"false\" class=\"elementor-element elementor-element-7590e17 e-flex e-con-boxed e-con e-child\" data-id=\"7590e17\" data-element_type=\"container\">\n\t\t\t\t\t<div class=\"e-con-inner\">\n\t\t\t\t<div class=\"elementor-element elementor-element-8f922ba dce_masking-none elementor-widget elementor-widget-image\" data-id=\"8f922ba\" data-element_type=\"widget\" data-widget_type=\"image.default\">\n\t\t\t\t<div class=\"elementor-widget-container\">\n\t\t\t\t\t\t\t\t\t\t\t\t\t\t\t<img fetchpriority=\"high\" decoding=\"async\" width=\"486\" height=\"657\" src=\"https:\/\/museocr.org\/galeria-nacional\/wp-content\/uploads\/sites\/4\/2024\/11\/image-16-1.png\" class=\"attachment-large size-large wp-image-101\" alt=\"\" srcset=\"https:\/\/museocr.org\/galeria-nacional\/wp-content\/uploads\/sites\/4\/2024\/11\/image-16-1.png 486w, https:\/\/museocr.org\/galeria-nacional\/wp-content\/uploads\/sites\/4\/2024\/11\/image-16-1-222x300.png 222w\" sizes=\"(max-width: 486px) 100vw, 486px\" \/>\t\t\t\t\t\t\t\t\t\t\t\t\t\t\t<\/div>\n\t\t\t\t<\/div>\n\t\t\t\t<div class=\"elementor-element elementor-element-a2cb6e7 dce_masking-none elementor-widget elementor-widget-image\" data-id=\"a2cb6e7\" data-element_type=\"widget\" data-widget_type=\"image.default\">\n\t\t\t\t<div class=\"elementor-widget-container\">\n\t\t\t\t\t\t\t\t\t\t\t\t\t\t\t<img decoding=\"async\" width=\"490\" height=\"657\" src=\"https:\/\/museocr.org\/galeria-nacional\/wp-content\/uploads\/sites\/4\/2024\/11\/image-15-1.png\" class=\"attachment-large size-large wp-image-102\" alt=\"\" srcset=\"https:\/\/museocr.org\/galeria-nacional\/wp-content\/uploads\/sites\/4\/2024\/11\/image-15-1.png 490w, https:\/\/museocr.org\/galeria-nacional\/wp-content\/uploads\/sites\/4\/2024\/11\/image-15-1-224x300.png 224w\" sizes=\"(max-width: 490px) 100vw, 490px\" \/>\t\t\t\t\t\t\t\t\t\t\t\t\t\t\t<\/div>\n\t\t\t\t<\/div>\n\t\t\t\t\t<\/div>\n\t\t\t\t<\/div>\n\t\t\t\t<div class=\"elementor-element elementor-element-147d70c elementor-widget elementor-widget-heading\" data-id=\"147d70c\" data-element_type=\"widget\" data-widget_type=\"heading.default\">\n\t\t\t\t<div class=\"elementor-widget-container\">\n\t\t\t\t\t<h2 class=\"elementor-heading-title elementor-size-default\">La Galer\u00eda Nacional se funda en 1994 en el coraz\u00f3n de San Jos\u00e9 como un espacio destinado para la manifestaci\u00f3n y exhibici\u00f3n de las principales exposiciones de arte, tanto de artistas nacionales como internacionales.<\/h2>\t\t\t\t<\/div>\n\t\t\t\t<\/div>\n\t\t\t\t\t<\/div>\n\t\t\t\t<\/div>\n\t\t\t\t\t<\/div>\n\t\t\t\t<\/div>\n\t\t<div data-particle_enable=\"false\" data-particle-mobile-disabled=\"false\" data-dce-background-overlay-color=\"#02010100\" class=\"elementor-element elementor-element-28d8923 e-con-full e-flex e-con e-parent\" data-id=\"28d8923\" data-element_type=\"container\" data-settings=\"{&quot;background_background&quot;:&quot;classic&quot;}\">\n\t\t<div data-particle_enable=\"false\" data-particle-mobile-disabled=\"false\" class=\"elementor-element elementor-element-f8a444f e-con-full e-flex e-con e-child\" data-id=\"f8a444f\" data-element_type=\"container\">\n\t\t<div data-particle_enable=\"false\" data-particle-mobile-disabled=\"false\" class=\"elementor-element elementor-element-d7ec0df e-con-full e-flex e-con e-child\" data-id=\"d7ec0df\" data-element_type=\"container\" data-settings=\"{&quot;background_background&quot;:&quot;classic&quot;}\">\n\t\t\t\t<div class=\"elementor-element elementor-element-91a5710 elementor-widget elementor-widget-image-carousel\" data-id=\"91a5710\" data-element_type=\"widget\" data-settings=\"{&quot;slides_to_show&quot;:&quot;6&quot;,&quot;navigation&quot;:&quot;none&quot;,&quot;autoplay_speed&quot;:0,&quot;speed&quot;:5000,&quot;image_spacing_custom&quot;:{&quot;unit&quot;:&quot;px&quot;,&quot;size&quot;:0,&quot;sizes&quot;:[]},&quot;autoplay&quot;:&quot;yes&quot;,&quot;infinite&quot;:&quot;yes&quot;,&quot;image_spacing_custom_widescreen&quot;:{&quot;unit&quot;:&quot;px&quot;,&quot;size&quot;:&quot;&quot;,&quot;sizes&quot;:[]},&quot;image_spacing_custom_laptop&quot;:{&quot;unit&quot;:&quot;px&quot;,&quot;size&quot;:&quot;&quot;,&quot;sizes&quot;:[]},&quot;image_spacing_custom_tablet_extra&quot;:{&quot;unit&quot;:&quot;px&quot;,&quot;size&quot;:&quot;&quot;,&quot;sizes&quot;:[]},&quot;image_spacing_custom_tablet&quot;:{&quot;unit&quot;:&quot;px&quot;,&quot;size&quot;:&quot;&quot;,&quot;sizes&quot;:[]},&quot;image_spacing_custom_mobile_extra&quot;:{&quot;unit&quot;:&quot;px&quot;,&quot;size&quot;:&quot;&quot;,&quot;sizes&quot;:[]},&quot;image_spacing_custom_mobile&quot;:{&quot;unit&quot;:&quot;px&quot;,&quot;size&quot;:&quot;&quot;,&quot;sizes&quot;:[]}}\" data-widget_type=\"image-carousel.default\">\n\t\t\t\t<div class=\"elementor-widget-container\">\n\t\t\t\t\t\t\t<div class=\"elementor-image-carousel-wrapper swiper\" role=\"region\" aria-roledescription=\"carousel\" aria-label=\"Carrusel de im\u00e1genes\" dir=\"ltr\">\n\t\t\t<div class=\"elementor-image-carousel swiper-wrapper swiper-image-stretch\" aria-live=\"off\">\n\t\t\t\t\t\t\t\t<div class=\"swiper-slide\" role=\"group\" aria-roledescription=\"slide\" aria-label=\"1 de 6\"><figure class=\"swiper-slide-inner\"><img decoding=\"async\" class=\"swiper-slide-image\" src=\"https:\/\/museocr.org\/galeria-nacional\/wp-content\/uploads\/sites\/4\/2024\/11\/image-17-2.png\" alt=\"image 17 (2)\" \/><\/figure><\/div><div class=\"swiper-slide\" role=\"group\" aria-roledescription=\"slide\" aria-label=\"2 de 6\"><figure class=\"swiper-slide-inner\"><img decoding=\"async\" class=\"swiper-slide-image\" src=\"https:\/\/museocr.org\/galeria-nacional\/wp-content\/uploads\/sites\/4\/2024\/11\/image-16-3.png\" alt=\"image 16 (3)\" \/><\/figure><\/div><div class=\"swiper-slide\" role=\"group\" aria-roledescription=\"slide\" aria-label=\"3 de 6\"><figure class=\"swiper-slide-inner\"><img decoding=\"async\" class=\"swiper-slide-image\" src=\"https:\/\/museocr.org\/galeria-nacional\/wp-content\/uploads\/sites\/4\/2024\/11\/image-19-2.png\" alt=\"image 19 (2)\" \/><\/figure><\/div><div class=\"swiper-slide\" role=\"group\" aria-roledescription=\"slide\" aria-label=\"4 de 6\"><figure class=\"swiper-slide-inner\"><img decoding=\"async\" class=\"swiper-slide-image\" src=\"https:\/\/museocr.org\/galeria-nacional\/wp-content\/uploads\/sites\/4\/2024\/11\/image-17-2-1.png\" alt=\"image 17 (2)\" \/><\/figure><\/div><div class=\"swiper-slide\" role=\"group\" aria-roledescription=\"slide\" aria-label=\"5 de 6\"><figure class=\"swiper-slide-inner\"><img decoding=\"async\" class=\"swiper-slide-image\" src=\"https:\/\/museocr.org\/galeria-nacional\/wp-content\/uploads\/sites\/4\/2024\/11\/image-16-3-1.png\" alt=\"image 16 (3)\" \/><\/figure><\/div><div class=\"swiper-slide\" role=\"group\" aria-roledescription=\"slide\" aria-label=\"6 de 6\"><figure class=\"swiper-slide-inner\"><img decoding=\"async\" class=\"swiper-slide-image\" src=\"https:\/\/museocr.org\/galeria-nacional\/wp-content\/uploads\/sites\/4\/2024\/11\/image-19-2-1.png\" alt=\"image 19 (2)\" \/><\/figure><\/div>\t\t\t<\/div>\n\t\t\t\t\t\t\t\n\t\t\t\t\t\t\t\t\t<\/div>\n\t\t\t\t\t\t<\/div>\n\t\t\t\t<\/div>\n\t\t\t\t<\/div>\n\t\t\t\t<\/div>\n\t\t<div data-particle_enable=\"false\" data-particle-mobile-disabled=\"false\" class=\"elementor-element elementor-element-be036ee e-flex e-con-boxed e-con e-child\" data-id=\"be036ee\" data-element_type=\"container\">\n\t\t\t\t\t<div class=\"e-con-inner\">\n\t\t\t\t<div class=\"elementor-element elementor-element-b5fba16 elementor-widget elementor-widget-heading\" data-id=\"b5fba16\" data-element_type=\"widget\" data-widget_type=\"heading.default\">\n\t\t\t\t<div class=\"elementor-widget-container\">\n\t\t\t\t\t<h2 class=\"elementor-heading-title elementor-size-default\">Explore nuestras exhibiciones en conexi\u00f3n directa y actualizada con el arte<\/h2>\t\t\t\t<\/div>\n\t\t\t\t<\/div>\n\t\t\t\t\t<\/div>\n\t\t\t\t<\/div>\n\t\t\t\t<\/div>\n\t\t<div data-particle_enable=\"false\" data-particle-mobile-disabled=\"false\" data-dce-background-color=\"#E3E3E3\" class=\"elementor-element elementor-element-925f11a elementor-hidden-desktop elementor-hidden-tablet elementor-hidden-mobile elementor-hidden-widescreen elementor-hidden-laptop elementor-hidden-tablet_extra elementor-hidden-mobile_extra e-flex e-con-boxed e-con e-parent\" data-id=\"925f11a\" data-element_type=\"container\" data-settings=\"{&quot;background_background&quot;:&quot;classic&quot;}\">\n\t\t\t\t\t<div class=\"e-con-inner\">\n\t\t<div data-particle_enable=\"false\" data-particle-mobile-disabled=\"false\" class=\"elementor-element elementor-element-60efc7c e-flex e-con-boxed e-con e-child\" data-id=\"60efc7c\" data-element_type=\"container\">\n\t\t\t\t\t<div class=\"e-con-inner\">\n\t\t<div data-particle_enable=\"false\" data-particle-mobile-disabled=\"false\" class=\"elementor-element elementor-element-57bfc94 e-flex e-con-boxed e-con e-child\" data-id=\"57bfc94\" data-element_type=\"container\">\n\t\t\t\t\t<div class=\"e-con-inner\">\n\t\t\t\t<div class=\"elementor-element elementor-element-752c108 elementor-widget elementor-widget-heading\" data-id=\"752c108\" data-element_type=\"widget\" data-widget_type=\"heading.default\">\n\t\t\t\t<div class=\"elementor-widget-container\">\n\t\t\t\t\t<h2 class=\"elementor-heading-title elementor-size-default\">Primera Exhibici\u00f3n<\/h2>\t\t\t\t<\/div>\n\t\t\t\t<\/div>\n\t\t\t\t<div class=\"elementor-element elementor-element-c236898 elementor-widget elementor-widget-heading\" data-id=\"c236898\" data-element_type=\"widget\" data-widget_type=\"heading.default\">\n\t\t\t\t<div class=\"elementor-widget-container\">\n\t\t\t\t\t<h2 class=\"elementor-heading-title elementor-size-default\">La galer\u00eda abre sus puertas con un evento muy esperado por artistas y amantes de las artes pl\u00e1sticas: la Primera Bienal de Escultura. En un inicio, el recinto se nombr\u00f3 \"Pabell\u00f3n de Exposiciones Temporales\" y al pasar el tiempo, tras convertirse en el epicentro de artes visuales en la capital, recibi\u00f3 el nombre de Galer\u00eda Nacional.<\/h2>\t\t\t\t<\/div>\n\t\t\t\t<\/div>\n\t\t<div data-particle_enable=\"false\" data-particle-mobile-disabled=\"false\" class=\"elementor-element elementor-element-c1b9cfc e-con-full e-flex e-con e-child\" data-id=\"c1b9cfc\" data-element_type=\"container\">\n\t\t<div data-particle_enable=\"false\" data-particle-mobile-disabled=\"false\" class=\"elementor-element elementor-element-a529702 e-con-full e-flex e-con e-child\" data-id=\"a529702\" data-element_type=\"container\">\n\t\t\t\t<div class=\"elementor-element elementor-element-056dfa2 dce_masking-none elementor-widget elementor-widget-video\" data-id=\"056dfa2\" data-element_type=\"widget\" data-settings=\"{&quot;youtube_url&quot;:&quot;https:\\\/\\\/www.youtube.com\\\/watch?v=XHOmBV4js_E&quot;,&quot;video_type&quot;:&quot;youtube&quot;,&quot;controls&quot;:&quot;yes&quot;}\" data-widget_type=\"video.default\">\n\t\t\t\t<div class=\"elementor-widget-container\">\n\t\t\t\t\t\t\t<div class=\"elementor-wrapper elementor-open-inline\">\n\t\t\t<div class=\"elementor-video\"><\/div>\t\t<\/div>\n\t\t\t\t\t\t<\/div>\n\t\t\t\t<\/div>\n\t\t\t\t<\/div>\n\t\t\t\t<\/div>\n\t\t\t\t\t<\/div>\n\t\t\t\t<\/div>\n\t\t\t\t\t<\/div>\n\t\t\t\t<\/div>\n\t\t\t\t\t<\/div>\n\t\t\t\t<\/div>\n\t\t<div data-particle_enable=\"false\" data-particle-mobile-disabled=\"false\" data-dce-background-color=\"#E3E3E3\" class=\"elementor-element elementor-element-601bd12 e-flex e-con-boxed e-con e-parent\" data-id=\"601bd12\" data-element_type=\"container\" data-settings=\"{&quot;background_background&quot;:&quot;classic&quot;}\">\n\t\t\t\t\t<div class=\"e-con-inner\">\n\t\t\t\t<div class=\"elementor-element elementor-element-970e327 elementor-widget elementor-widget-heading\" data-id=\"970e327\" data-element_type=\"widget\" data-widget_type=\"heading.default\">\n\t\t\t\t<div class=\"elementor-widget-container\">\n\t\t\t\t\t<h2 class=\"elementor-heading-title elementor-size-default\">Versatilidad<\/h2>\t\t\t\t<\/div>\n\t\t\t\t<\/div>\n\t\t\t\t<div class=\"elementor-element elementor-element-87ee54d elementor-widget elementor-widget-heading\" data-id=\"87ee54d\" data-element_type=\"widget\" data-widget_type=\"heading.default\">\n\t\t\t\t<div class=\"elementor-widget-container\">\n\t\t\t\t\t<h2 class=\"elementor-heading-title elementor-size-default\">La galer\u00eda cuenta con variadas exposiciones art\u00edsticas por mes, entre muestras individuales y colectivas que abarcan distintas t\u00e9cnicas, formatos, tama\u00f1os y tem\u00e1ticas. Adem\u00e1s, gracias a su seguridad permanente y entrada gratuita es ideal para todo tipo de p\u00fablico.<\/h2>\t\t\t\t<\/div>\n\t\t\t\t<\/div>\n\t\t\t\t<div class=\"elementor-element elementor-element-7b6c291 elementor-arrows-position-outside elementor-pagination-position-outside elementor-widget elementor-widget-image-carousel\" data-id=\"7b6c291\" data-element_type=\"widget\" data-settings=\"{&quot;slides_to_show&quot;:&quot;1&quot;,&quot;autoplay_speed&quot;:3500,&quot;effect&quot;:&quot;fade&quot;,&quot;navigation&quot;:&quot;both&quot;,&quot;autoplay&quot;:&quot;yes&quot;,&quot;pause_on_hover&quot;:&quot;yes&quot;,&quot;pause_on_interaction&quot;:&quot;yes&quot;,&quot;infinite&quot;:&quot;yes&quot;,&quot;speed&quot;:500}\" data-widget_type=\"image-carousel.default\">\n\t\t\t\t<div class=\"elementor-widget-container\">\n\t\t\t\t\t\t\t<div class=\"elementor-image-carousel-wrapper swiper\" role=\"region\" aria-roledescription=\"carousel\" aria-label=\"Carrusel de im\u00e1genes\" dir=\"ltr\">\n\t\t\t<div class=\"elementor-image-carousel swiper-wrapper\" aria-live=\"off\">\n\t\t\t\t\t\t\t\t<div class=\"swiper-slide\" role=\"group\" aria-roledescription=\"slide\" aria-label=\"1 de 11\"><a data-elementor-open-lightbox=\"yes\" data-elementor-lightbox-slideshow=\"7b6c291\" data-e-action-hash=\"#elementor-action%3Aaction%3Dlightbox%26settings%3DeyJpZCI6MjQzLCJ1cmwiOiJodHRwczpcL1wvbXVzZW9jci5vcmdcL2dhbGVyaWEtbmFjaW9uYWxcL3dwLWNvbnRlbnRcL3VwbG9hZHNcL3NpdGVzXC80XC8yMDI0XC8xMVwvVmFuR29naF9Jbm1lcnNpdm9fMy5qcGVnIiwic2xpZGVzaG93IjoiN2I2YzI5MSJ9\" href=\"https:\/\/museocr.org\/galeria-nacional\/wp-content\/uploads\/sites\/4\/2024\/11\/VanGogh_Inmersivo_3.jpeg\"><figure class=\"swiper-slide-inner\"><img decoding=\"async\" class=\"swiper-slide-image\" src=\"https:\/\/museocr.org\/galeria-nacional\/wp-content\/uploads\/sites\/4\/2024\/11\/VanGogh_Inmersivo_3-1024x576.jpeg\" alt=\"VanGogh_Inmersivo_3\" \/><\/figure><\/a><\/div><div class=\"swiper-slide\" role=\"group\" aria-roledescription=\"slide\" aria-label=\"2 de 11\"><a data-elementor-open-lightbox=\"yes\" data-elementor-lightbox-slideshow=\"7b6c291\" data-e-action-hash=\"#elementor-action%3Aaction%3Dlightbox%26settings%3DeyJpZCI6MjQyLCJ1cmwiOiJodHRwczpcL1wvbXVzZW9jci5vcmdcL2dhbGVyaWEtbmFjaW9uYWxcL3dwLWNvbnRlbnRcL3VwbG9hZHNcL3NpdGVzXC80XC8yMDI0XC8xMVwvVmFuR29naF9Jbm1lcnNpdm9fMi5qcGVnIiwic2xpZGVzaG93IjoiN2I2YzI5MSJ9\" href=\"https:\/\/museocr.org\/galeria-nacional\/wp-content\/uploads\/sites\/4\/2024\/11\/VanGogh_Inmersivo_2.jpeg\"><figure class=\"swiper-slide-inner\"><img decoding=\"async\" class=\"swiper-slide-image\" src=\"https:\/\/museocr.org\/galeria-nacional\/wp-content\/uploads\/sites\/4\/2024\/11\/VanGogh_Inmersivo_2-1024x576.jpeg\" alt=\"VanGogh_Inmersivo_2\" \/><\/figure><\/a><\/div><div class=\"swiper-slide\" role=\"group\" aria-roledescription=\"slide\" aria-label=\"3 de 11\"><a data-elementor-open-lightbox=\"yes\" data-elementor-lightbox-slideshow=\"7b6c291\" data-e-action-hash=\"#elementor-action%3Aaction%3Dlightbox%26settings%3DeyJpZCI6MjQxLCJ1cmwiOiJodHRwczpcL1wvbXVzZW9jci5vcmdcL2dhbGVyaWEtbmFjaW9uYWxcL3dwLWNvbnRlbnRcL3VwbG9hZHNcL3NpdGVzXC80XC8yMDI0XC8xMVwvVmFuR29naF9Jbm1lcnNpdm9fMS5qcGciLCJzbGlkZXNob3ciOiI3YjZjMjkxIn0%3D\" href=\"https:\/\/museocr.org\/galeria-nacional\/wp-content\/uploads\/sites\/4\/2024\/11\/VanGogh_Inmersivo_1.jpg\"><figure class=\"swiper-slide-inner\"><img decoding=\"async\" class=\"swiper-slide-image\" src=\"https:\/\/museocr.org\/galeria-nacional\/wp-content\/uploads\/sites\/4\/2024\/11\/VanGogh_Inmersivo_1-1024x576.jpg\" alt=\"VanGogh_Inmersivo_1\" \/><\/figure><\/a><\/div><div class=\"swiper-slide\" role=\"group\" aria-roledescription=\"slide\" aria-label=\"4 de 11\"><a data-elementor-open-lightbox=\"yes\" data-elementor-lightbox-slideshow=\"7b6c291\" data-e-action-hash=\"#elementor-action%3Aaction%3Dlightbox%26settings%3DeyJpZCI6MjQwLCJ1cmwiOiJodHRwczpcL1wvbXVzZW9jci5vcmdcL2dhbGVyaWEtbmFjaW9uYWxcL3dwLWNvbnRlbnRcL3VwbG9hZHNcL3NpdGVzXC80XC8yMDI0XC8xMVwvRXNwYWNpb19HYWxlcmlhX05hY2lvbmFsLmpwZyIsInNsaWRlc2hvdyI6IjdiNmMyOTEifQ%3D%3D\" href=\"https:\/\/museocr.org\/galeria-nacional\/wp-content\/uploads\/sites\/4\/2024\/11\/Espacio_Galeria_Nacional.jpg\"><figure class=\"swiper-slide-inner\"><img decoding=\"async\" class=\"swiper-slide-image\" src=\"https:\/\/museocr.org\/galeria-nacional\/wp-content\/uploads\/sites\/4\/2024\/11\/Espacio_Galeria_Nacional-1024x576.jpg\" alt=\"Espacio_Galer\u00eda_Nacional\" \/><\/figure><\/a><\/div><div class=\"swiper-slide\" role=\"group\" aria-roledescription=\"slide\" aria-label=\"5 de 11\"><a data-elementor-open-lightbox=\"yes\" data-elementor-lightbox-slideshow=\"7b6c291\" data-e-action-hash=\"#elementor-action%3Aaction%3Dlightbox%26settings%3DeyJpZCI6MjM5LCJ1cmwiOiJodHRwczpcL1wvbXVzZW9jci5vcmdcL2dhbGVyaWEtbmFjaW9uYWxcL3dwLWNvbnRlbnRcL3VwbG9hZHNcL3NpdGVzXC80XC8yMDI0XC8xMVwvRGlub19MYWJfMS5qcGciLCJzbGlkZXNob3ciOiI3YjZjMjkxIn0%3D\" href=\"https:\/\/museocr.org\/galeria-nacional\/wp-content\/uploads\/sites\/4\/2024\/11\/Dino_Lab_1.jpg\"><figure class=\"swiper-slide-inner\"><img decoding=\"async\" class=\"swiper-slide-image\" src=\"https:\/\/museocr.org\/galeria-nacional\/wp-content\/uploads\/sites\/4\/2024\/11\/Dino_Lab_1-1024x576.jpg\" alt=\"Dino_Lab_1\" \/><\/figure><\/a><\/div><div class=\"swiper-slide\" role=\"group\" aria-roledescription=\"slide\" aria-label=\"6 de 11\"><a data-elementor-open-lightbox=\"yes\" data-elementor-lightbox-slideshow=\"7b6c291\" data-e-action-hash=\"#elementor-action%3Aaction%3Dlightbox%26settings%3DeyJpZCI6MjM4LCJ1cmwiOiJodHRwczpcL1wvbXVzZW9jci5vcmdcL2dhbGVyaWEtbmFjaW9uYWxcL3dwLWNvbnRlbnRcL3VwbG9hZHNcL3NpdGVzXC80XC8yMDI0XC8xMVwvQmllbmFsX0FydGVfVGV4dGlsXzMuanBnIiwic2xpZGVzaG93IjoiN2I2YzI5MSJ9\" href=\"https:\/\/museocr.org\/galeria-nacional\/wp-content\/uploads\/sites\/4\/2024\/11\/Bienal_Arte_Textil_3.jpg\"><figure class=\"swiper-slide-inner\"><img decoding=\"async\" class=\"swiper-slide-image\" src=\"https:\/\/museocr.org\/galeria-nacional\/wp-content\/uploads\/sites\/4\/2024\/11\/Bienal_Arte_Textil_3-1024x576.jpg\" alt=\"Bienal_Arte_Textil_3\" \/><\/figure><\/a><\/div><div class=\"swiper-slide\" role=\"group\" aria-roledescription=\"slide\" aria-label=\"7 de 11\"><a data-elementor-open-lightbox=\"yes\" data-elementor-lightbox-slideshow=\"7b6c291\" data-e-action-hash=\"#elementor-action%3Aaction%3Dlightbox%26settings%3DeyJpZCI6MjM3LCJ1cmwiOiJodHRwczpcL1wvbXVzZW9jci5vcmdcL2dhbGVyaWEtbmFjaW9uYWxcL3dwLWNvbnRlbnRcL3VwbG9hZHNcL3NpdGVzXC80XC8yMDI0XC8xMVwvQmllbmFsX0FydGVfVGV4dGlsXzIuanBnIiwic2xpZGVzaG93IjoiN2I2YzI5MSJ9\" href=\"https:\/\/museocr.org\/galeria-nacional\/wp-content\/uploads\/sites\/4\/2024\/11\/Bienal_Arte_Textil_2.jpg\"><figure class=\"swiper-slide-inner\"><img decoding=\"async\" class=\"swiper-slide-image\" src=\"https:\/\/museocr.org\/galeria-nacional\/wp-content\/uploads\/sites\/4\/2024\/11\/Bienal_Arte_Textil_2-1024x576.jpg\" alt=\"Bienal_Arte_Textil_2\" \/><\/figure><\/a><\/div><div class=\"swiper-slide\" role=\"group\" aria-roledescription=\"slide\" aria-label=\"8 de 11\"><a data-elementor-open-lightbox=\"yes\" data-elementor-lightbox-slideshow=\"7b6c291\" data-e-action-hash=\"#elementor-action%3Aaction%3Dlightbox%26settings%3DeyJpZCI6MjM2LCJ1cmwiOiJodHRwczpcL1wvbXVzZW9jci5vcmdcL2dhbGVyaWEtbmFjaW9uYWxcL3dwLWNvbnRlbnRcL3VwbG9hZHNcL3NpdGVzXC80XC8yMDI0XC8xMVwvQmllbmFsX0FydGVfVGV4dGlsXzEuanBnIiwic2xpZGVzaG93IjoiN2I2YzI5MSJ9\" href=\"https:\/\/museocr.org\/galeria-nacional\/wp-content\/uploads\/sites\/4\/2024\/11\/Bienal_Arte_Textil_1.jpg\"><figure class=\"swiper-slide-inner\"><img decoding=\"async\" class=\"swiper-slide-image\" src=\"https:\/\/museocr.org\/galeria-nacional\/wp-content\/uploads\/sites\/4\/2024\/11\/Bienal_Arte_Textil_1-1024x576.jpg\" alt=\"Bienal_Arte_Textil_1\" \/><\/figure><\/a><\/div><div class=\"swiper-slide\" role=\"group\" aria-roledescription=\"slide\" aria-label=\"9 de 11\"><a data-elementor-open-lightbox=\"yes\" data-elementor-lightbox-slideshow=\"7b6c291\" data-e-action-hash=\"#elementor-action%3Aaction%3Dlightbox%26settings%3DeyJpZCI6MjM1LCJ1cmwiOiJodHRwczpcL1wvbXVzZW9jci5vcmdcL2dhbGVyaWEtbmFjaW9uYWxcL3dwLWNvbnRlbnRcL3VwbG9hZHNcL3NpdGVzXC80XC8yMDI0XC8xMVwvQmllbmFsX0FydGVfTHVtaW5pY29fMy5qcGciLCJzbGlkZXNob3ciOiI3YjZjMjkxIn0%3D\" href=\"https:\/\/museocr.org\/galeria-nacional\/wp-content\/uploads\/sites\/4\/2024\/11\/Bienal_Arte_Luminico_3.jpg\"><figure class=\"swiper-slide-inner\"><img decoding=\"async\" class=\"swiper-slide-image\" src=\"https:\/\/museocr.org\/galeria-nacional\/wp-content\/uploads\/sites\/4\/2024\/11\/Bienal_Arte_Luminico_3-1024x576.jpg\" alt=\"Bienal_Arte_Lum\u00ednico_3\" \/><\/figure><\/a><\/div><div class=\"swiper-slide\" role=\"group\" aria-roledescription=\"slide\" aria-label=\"10 de 11\"><a data-elementor-open-lightbox=\"yes\" data-elementor-lightbox-slideshow=\"7b6c291\" data-e-action-hash=\"#elementor-action%3Aaction%3Dlightbox%26settings%3DeyJpZCI6MjM0LCJ1cmwiOiJodHRwczpcL1wvbXVzZW9jci5vcmdcL2dhbGVyaWEtbmFjaW9uYWxcL3dwLWNvbnRlbnRcL3VwbG9hZHNcL3NpdGVzXC80XC8yMDI0XC8xMVwvQmllbmFsX0FydGVfTHVtaW5pY29fMi5qcGciLCJzbGlkZXNob3ciOiI3YjZjMjkxIn0%3D\" href=\"https:\/\/museocr.org\/galeria-nacional\/wp-content\/uploads\/sites\/4\/2024\/11\/Bienal_Arte_Luminico_2.jpg\"><figure class=\"swiper-slide-inner\"><img decoding=\"async\" class=\"swiper-slide-image\" src=\"https:\/\/museocr.org\/galeria-nacional\/wp-content\/uploads\/sites\/4\/2024\/11\/Bienal_Arte_Luminico_2-1024x576.jpg\" alt=\"Bienal_Arte_Lum\u00ednico_2\" \/><\/figure><\/a><\/div><div class=\"swiper-slide\" role=\"group\" aria-roledescription=\"slide\" aria-label=\"11 de 11\"><a data-elementor-open-lightbox=\"yes\" data-elementor-lightbox-slideshow=\"7b6c291\" data-e-action-hash=\"#elementor-action%3Aaction%3Dlightbox%26settings%3DeyJpZCI6MjMzLCJ1cmwiOiJodHRwczpcL1wvbXVzZW9jci5vcmdcL2dhbGVyaWEtbmFjaW9uYWxcL3dwLWNvbnRlbnRcL3VwbG9hZHNcL3NpdGVzXC80XC8yMDI0XC8xMVwvQmllbmFsX0FydGVfTHVtaW5pY29fMS5qcGciLCJzbGlkZXNob3ciOiI3YjZjMjkxIn0%3D\" href=\"https:\/\/museocr.org\/galeria-nacional\/wp-content\/uploads\/sites\/4\/2024\/11\/Bienal_Arte_Luminico_1.jpg\"><figure class=\"swiper-slide-inner\"><img decoding=\"async\" class=\"swiper-slide-image\" src=\"https:\/\/museocr.org\/galeria-nacional\/wp-content\/uploads\/sites\/4\/2024\/11\/Bienal_Arte_Luminico_1-1024x576.jpg\" alt=\"Bienal_Arte_Lum\u00ednico_1\" \/><\/figure><\/a><\/div>\t\t\t<\/div>\n\t\t\t\t\t\t\t\t\t\t\t\t<div class=\"elementor-swiper-button elementor-swiper-button-prev\" role=\"button\" tabindex=\"0\">\n\t\t\t\t\t\t<svg aria-hidden=\"true\" class=\"e-font-icon-svg e-eicon-chevron-left\" viewBox=\"0 0 1000 1000\" xmlns=\"http:\/\/www.w3.org\/2000\/svg\"><path d=\"M646 125C629 125 613 133 604 142L308 442C296 454 292 471 292 487 292 504 296 521 308 533L604 854C617 867 629 875 646 875 663 875 679 871 692 858 704 846 713 829 713 812 713 796 708 779 692 767L438 487 692 225C700 217 708 204 708 187 708 171 704 154 692 142 675 129 663 125 646 125Z\"><\/path><\/svg>\t\t\t\t\t<\/div>\n\t\t\t\t\t<div class=\"elementor-swiper-button elementor-swiper-button-next\" role=\"button\" tabindex=\"0\">\n\t\t\t\t\t\t<svg aria-hidden=\"true\" class=\"e-font-icon-svg e-eicon-chevron-right\" viewBox=\"0 0 1000 1000\" xmlns=\"http:\/\/www.w3.org\/2000\/svg\"><path d=\"M696 533C708 521 713 504 713 487 713 471 708 454 696 446L400 146C388 133 375 125 354 125 338 125 325 129 313 142 300 154 292 171 292 187 292 204 296 221 308 233L563 492 304 771C292 783 288 800 288 817 288 833 296 850 308 863 321 871 338 875 354 875 371 875 388 867 400 854L696 533Z\"><\/path><\/svg>\t\t\t\t\t<\/div>\n\t\t\t\t\n\t\t\t\t\t\t\t\t\t<div class=\"swiper-pagination\"><\/div>\n\t\t\t\t\t\t\t\t\t<\/div>\n\t\t\t\t\t\t<\/div>\n\t\t\t\t<\/div>\n\t\t\t\t\t<\/div>\n\t\t\t\t<\/div>\n\t\t<div data-particle_enable=\"false\" data-particle-mobile-disabled=\"false\" data-dce-background-overlay-color=\"#02010100\" class=\"elementor-element elementor-element-6b7e3d6 e-flex e-con-boxed e-con e-parent\" data-id=\"6b7e3d6\" data-element_type=\"container\" data-settings=\"{&quot;background_background&quot;:&quot;classic&quot;}\">\n\t\t\t\t\t<div class=\"e-con-inner\">\n\t\t\t\t<div class=\"elementor-element elementor-element-ed44f83 elementor-widget elementor-widget-heading\" data-id=\"ed44f83\" data-element_type=\"widget\" data-widget_type=\"heading.default\">\n\t\t\t\t<div class=\"elementor-widget-container\">\n\t\t\t\t\t<h2 class=\"elementor-heading-title elementor-size-default\">Plano de Distribuci\u00f3n de la Galer\u00eda Nacional<\/h2>\t\t\t\t<\/div>\n\t\t\t\t<\/div>\n\t\t\t\t<div class=\"elementor-element elementor-element-c9dad79 elementor-widget elementor-widget-image-carousel\" data-id=\"c9dad79\" data-element_type=\"widget\" data-settings=\"{&quot;slides_to_show&quot;:&quot;2&quot;,&quot;autoplay_speed&quot;:3500,&quot;navigation&quot;:&quot;none&quot;,&quot;autoplay&quot;:&quot;yes&quot;,&quot;pause_on_hover&quot;:&quot;yes&quot;,&quot;pause_on_interaction&quot;:&quot;yes&quot;,&quot;infinite&quot;:&quot;yes&quot;,&quot;speed&quot;:500}\" data-widget_type=\"image-carousel.default\">\n\t\t\t\t<div class=\"elementor-widget-container\">\n\t\t\t\t\t\t\t<div class=\"elementor-image-carousel-wrapper swiper\" role=\"region\" aria-roledescription=\"carousel\" aria-label=\"Carrusel de im\u00e1genes\" dir=\"ltr\">\n\t\t\t<div class=\"elementor-image-carousel swiper-wrapper\" aria-live=\"off\">\n\t\t\t\t\t\t\t\t<div class=\"swiper-slide\" role=\"group\" aria-roledescription=\"slide\" aria-label=\"1 de 2\"><a data-elementor-open-lightbox=\"yes\" data-elementor-lightbox-slideshow=\"c9dad79\" data-e-action-hash=\"#elementor-action%3Aaction%3Dlightbox%26settings%3DeyJpZCI6MzQ2LCJ1cmwiOiJodHRwczpcL1wvbXVzZW9jci5vcmdcL2dhbGVyaWEtbmFjaW9uYWxcL3dwLWNvbnRlbnRcL3VwbG9hZHNcL3NpdGVzXC80XC8yMDI0XC8xMVwvR2FsZXJpYU5hY2lvbmFsX0lfTml2ZWwuanBnIiwic2xpZGVzaG93IjoiYzlkYWQ3OSJ9\" href=\"https:\/\/museocr.org\/galeria-nacional\/wp-content\/uploads\/sites\/4\/2024\/11\/GaleriaNacional_I_Nivel.jpg\"><figure class=\"swiper-slide-inner\"><img decoding=\"async\" class=\"swiper-slide-image\" src=\"https:\/\/museocr.org\/galeria-nacional\/wp-content\/uploads\/sites\/4\/elementor\/thumbs\/GaleriaNacional_I_Nivel-qxse88g1iwl2o5fv61kijahxscztgfvgglnlt53400.jpg\" alt=\"C:UsersING. Jeffry ArtaviaDocumentsGaleriaGaler\u00eda Nacional\" \/><\/figure><\/a><\/div><div class=\"swiper-slide\" role=\"group\" aria-roledescription=\"slide\" aria-label=\"2 de 2\"><a data-elementor-open-lightbox=\"yes\" data-elementor-lightbox-slideshow=\"c9dad79\" data-e-action-hash=\"#elementor-action%3Aaction%3Dlightbox%26settings%3DeyJpZCI6MzQ3LCJ1cmwiOiJodHRwczpcL1wvbXVzZW9jci5vcmdcL2dhbGVyaWEtbmFjaW9uYWxcL3dwLWNvbnRlbnRcL3VwbG9hZHNcL3NpdGVzXC80XC8yMDI0XC8xMVwvR2FsZXJpYU5hY2lvbmFsX0lJX05pdmVsLmpwZyIsInNsaWRlc2hvdyI6ImM5ZGFkNzkifQ%3D%3D\" href=\"https:\/\/museocr.org\/galeria-nacional\/wp-content\/uploads\/sites\/4\/2024\/11\/GaleriaNacional_II_Nivel.jpg\"><figure class=\"swiper-slide-inner\"><img decoding=\"async\" class=\"swiper-slide-image\" src=\"https:\/\/museocr.org\/galeria-nacional\/wp-content\/uploads\/sites\/4\/elementor\/thumbs\/GaleriaNacional_II_Nivel-qxse89dvpqmczrei0jz53s9edqv6o4z6sqb3af1pts.jpg\" alt=\"C:UsersING. Jeffry ArtaviaDocumentsGaleriaGaler\u00eda Nacional\" \/><\/figure><\/a><\/div>\t\t\t<\/div>\n\t\t\t\t\t\t\t\n\t\t\t\t\t\t\t\t\t<\/div>\n\t\t\t\t\t\t<\/div>\n\t\t\t\t<\/div>\n\t\t\t\t\t<\/div>\n\t\t\t\t<\/div>\n\t\t<div data-particle_enable=\"false\" data-particle-mobile-disabled=\"false\" data-dce-background-color=\"#E3E3E3\" class=\"elementor-element elementor-element-6203c55 e-flex e-con-boxed e-con e-parent\" data-id=\"6203c55\" data-element_type=\"container\" data-settings=\"{&quot;background_background&quot;:&quot;classic&quot;}\">\n\t\t\t\t\t<div class=\"e-con-inner\">\n\t\t\t\t<div class=\"elementor-element elementor-element-d3084c2 elementor-widget elementor-widget-heading\" data-id=\"d3084c2\" data-element_type=\"widget\" data-widget_type=\"heading.default\">\n\t\t\t\t<div class=\"elementor-widget-container\">\n\t\t\t\t\t<h2 class=\"elementor-heading-title elementor-size-default\">Cat\u00e1logo de Obras<\/h2>\t\t\t\t<\/div>\n\t\t\t\t<\/div>\n\t\t\t\t<div class=\"elementor-element elementor-element-feb4319 elementor-align-center elementor-widget elementor-widget-button\" data-id=\"feb4319\" data-element_type=\"widget\" data-widget_type=\"button.default\">\n\t\t\t\t<div class=\"elementor-widget-container\">\n\t\t\t\t\t\t\t\t\t<div class=\"elementor-button-wrapper\">\n\t\t\t\t\t<a class=\"elementor-button elementor-button-link elementor-size-sm\" href=\"https:\/\/museocr.org\/galeria-nacional\/wp-content\/uploads\/sites\/4\/2026\/03\/Catalogo_Galeria_Nacional_2026-03.pdf\" target=\"_blank\">\n\t\t\t\t\t\t<span class=\"elementor-button-content-wrapper\">\n\t\t\t\t\t\t<span class=\"elementor-button-icon\">\n\t\t\t\t<svg aria-hidden=\"true\" class=\"e-font-icon-svg e-far-file-pdf\" viewBox=\"0 0 384 512\" xmlns=\"http:\/\/www.w3.org\/2000\/svg\"><path d=\"M369.9 97.9L286 14C277 5 264.8-.1 252.1-.1H48C21.5 0 0 21.5 0 48v416c0 26.5 21.5 48 48 48h288c26.5 0 48-21.5 48-48V131.9c0-12.7-5.1-25-14.1-34zM332.1 128H256V51.9l76.1 76.1zM48 464V48h160v104c0 13.3 10.7 24 24 24h104v288H48zm250.2-143.7c-12.2-12-47-8.7-64.4-6.5-17.2-10.5-28.7-25-36.8-46.3 3.9-16.1 10.1-40.6 5.4-56-4.2-26.2-37.8-23.6-42.6-5.9-4.4 16.1-.4 38.5 7 67.1-10 23.9-24.9 56-35.4 74.4-20 10.3-47 26.2-51 46.2-3.3 15.8 26 55.2 76.1-31.2 22.4-7.4 46.8-16.5 68.4-20.1 18.9 10.2 41 17 55.8 17 25.5 0 28-28.2 17.5-38.7zm-198.1 77.8c5.1-13.7 24.5-29.5 30.4-35-19 30.3-30.4 35.7-30.4 35zm81.6-190.6c7.4 0 6.7 32.1 1.8 40.8-4.4-13.9-4.3-40.8-1.8-40.8zm-24.4 136.6c9.7-16.9 18-37 24.7-54.7 8.3 15.1 18.9 27.2 30.1 35.5-20.8 4.3-38.9 13.1-54.8 19.2zm131.6-5s-5 6-37.3-7.8c35.1-2.6 40.9 5.4 37.3 7.8z\"><\/path><\/svg>\t\t\t<\/span>\n\t\t\t\t\t\t\t\t\t<span class=\"elementor-button-text\">Ver Cat\u00e1logo de Obras<\/span>\n\t\t\t\t\t<\/span>\n\t\t\t\t\t<\/a>\n\t\t\t\t<\/div>\n\t\t\t\t\t\t\t\t<\/div>\n\t\t\t\t<\/div>\n\t\t\t\t\t<\/div>\n\t\t\t\t<\/div>\n\t\t\t\t<\/div>\n\t\t","protected":false},"excerpt":{"rendered":"<p>\u00a1Somos pasi\u00f3n por el arte! Tanto su trayectoria como la organizaci\u00f3n de distintas actividades art\u00edsticas de alto nivel le han otorgado a la Galer\u00eda Nacional reconocimiento y prestigio en el \u00e1mbito art\u00edstico dentro y fuera del pa\u00eds. Fundaci\u00f3n e Historia La Galer\u00eda Nacional se funda en 1994 en el coraz\u00f3n de San Jos\u00e9 como un [&hellip;]<\/p>\n","protected":false},"author":3,"featured_media":0,"parent":0,"menu_order":0,"comment_status":"closed","ping_status":"closed","template":"elementor_header_footer","meta":{"_acf_changed":false,"footnotes":""},"class_list":["post-94","page","type-page","status-publish","hentry"],"acf":[],"yoast_head":"<!-- This site is optimized with the Yoast SEO plugin v27.5 - https:\/\/yoast.com\/product\/yoast-seo-wordpress\/ -->\n<title>Nosotros - Galer\u00eda Nacional<\/title>\n<meta name=\"robots\" content=\"index, follow, max-snippet:-1, max-image-preview:large, max-video-preview:-1\" \/>\n<link rel=\"canonical\" href=\"https:\/\/museocr.org\/galeria-nacional\/nosotros\/\" \/>\n<meta property=\"og:locale\" content=\"es_ES\" \/>\n<meta property=\"og:type\" content=\"article\" \/>\n<meta property=\"og:title\" content=\"Nosotros - Galer\u00eda Nacional\" \/>\n<meta property=\"og:description\" content=\"\u00a1Somos pasi\u00f3n por el arte! Tanto su trayectoria como la organizaci\u00f3n de distintas actividades art\u00edsticas de alto nivel le han otorgado a la Galer\u00eda Nacional reconocimiento y prestigio en el \u00e1mbito art\u00edstico dentro y fuera del pa\u00eds. Fundaci\u00f3n e Historia La Galer\u00eda Nacional se funda en 1994 en el coraz\u00f3n de San Jos\u00e9 como un [&hellip;]\" \/>\n<meta property=\"og:url\" content=\"https:\/\/museocr.org\/galeria-nacional\/nosotros\/\" \/>\n<meta property=\"og:site_name\" content=\"Galer\u00eda Nacional\" \/>\n<meta property=\"article:modified_time\" content=\"2026-03-04T18:38:44+00:00\" \/>\n<meta property=\"og:image\" content=\"https:\/\/museocr.org\/galeria-nacional\/wp-content\/uploads\/sites\/4\/2024\/11\/image-14-2.png\" \/>\n\t<meta property=\"og:image:width\" content=\"173\" \/>\n\t<meta property=\"og:image:height\" content=\"162\" \/>\n\t<meta property=\"og:image:type\" content=\"image\/png\" \/>\n<meta name=\"twitter:card\" content=\"summary_large_image\" \/>\n<meta name=\"twitter:label1\" content=\"Est. reading time\" \/>\n\t<meta name=\"twitter:data1\" content=\"9 minutos\" \/>\n<script type=\"application\/ld+json\" class=\"yoast-schema-graph\">{\"@context\":\"https:\\\/\\\/schema.org\",\"@graph\":[{\"@type\":\"WebPage\",\"@id\":\"https:\\\/\\\/museocr.org\\\/galeria-nacional\\\/nosotros\\\/\",\"url\":\"https:\\\/\\\/museocr.org\\\/galeria-nacional\\\/nosotros\\\/\",\"name\":\"Nosotros - Galer\u00eda Nacional\",\"isPartOf\":{\"@id\":\"https:\\\/\\\/museocr.org\\\/galeria-nacional\\\/#website\"},\"primaryImageOfPage\":{\"@id\":\"https:\\\/\\\/museocr.org\\\/galeria-nacional\\\/nosotros\\\/#primaryimage\"},\"image\":{\"@id\":\"https:\\\/\\\/museocr.org\\\/galeria-nacional\\\/nosotros\\\/#primaryimage\"},\"thumbnailUrl\":\"https:\\\/\\\/museocr.org\\\/galeria-nacional\\\/wp-content\\\/uploads\\\/sites\\\/4\\\/2024\\\/11\\\/image-14-2.png\",\"datePublished\":\"2024-11-07T17:13:54+00:00\",\"dateModified\":\"2026-03-04T18:38:44+00:00\",\"breadcrumb\":{\"@id\":\"https:\\\/\\\/museocr.org\\\/galeria-nacional\\\/nosotros\\\/#breadcrumb\"},\"inLanguage\":\"es-CR\",\"potentialAction\":[{\"@type\":\"ReadAction\",\"target\":[\"https:\\\/\\\/museocr.org\\\/galeria-nacional\\\/nosotros\\\/\"]}]},{\"@type\":\"ImageObject\",\"inLanguage\":\"es-CR\",\"@id\":\"https:\\\/\\\/museocr.org\\\/galeria-nacional\\\/nosotros\\\/#primaryimage\",\"url\":\"https:\\\/\\\/museocr.org\\\/galeria-nacional\\\/wp-content\\\/uploads\\\/sites\\\/4\\\/2024\\\/11\\\/image-14-2.png\",\"contentUrl\":\"https:\\\/\\\/museocr.org\\\/galeria-nacional\\\/wp-content\\\/uploads\\\/sites\\\/4\\\/2024\\\/11\\\/image-14-2.png\",\"width\":173,\"height\":162},{\"@type\":\"BreadcrumbList\",\"@id\":\"https:\\\/\\\/museocr.org\\\/galeria-nacional\\\/nosotros\\\/#breadcrumb\",\"itemListElement\":[{\"@type\":\"ListItem\",\"position\":1,\"name\":\"Portada\",\"item\":\"https:\\\/\\\/museocr.org\\\/galeria-nacional\\\/\"},{\"@type\":\"ListItem\",\"position\":2,\"name\":\"Nosotros\"}]},{\"@type\":\"WebSite\",\"@id\":\"https:\\\/\\\/museocr.org\\\/galeria-nacional\\\/#website\",\"url\":\"https:\\\/\\\/museocr.org\\\/galeria-nacional\\\/\",\"name\":\"Galer\u00eda Nacional\",\"description\":\"\",\"potentialAction\":[{\"@type\":\"SearchAction\",\"target\":{\"@type\":\"EntryPoint\",\"urlTemplate\":\"https:\\\/\\\/museocr.org\\\/galeria-nacional\\\/?s={search_term_string}\"},\"query-input\":{\"@type\":\"PropertyValueSpecification\",\"valueRequired\":true,\"valueName\":\"search_term_string\"}}],\"inLanguage\":\"es-CR\"}]}<\/script>\n<!-- \/ Yoast SEO plugin. -->","yoast_head_json":{"title":"Nosotros - Galer\u00eda Nacional","robots":{"index":"index","follow":"follow","max-snippet":"max-snippet:-1","max-image-preview":"max-image-preview:large","max-video-preview":"max-video-preview:-1"},"canonical":"https:\/\/museocr.org\/galeria-nacional\/nosotros\/","og_locale":"es_ES","og_type":"article","og_title":"Nosotros - Galer\u00eda Nacional","og_description":"\u00a1Somos pasi\u00f3n por el arte! Tanto su trayectoria como la organizaci\u00f3n de distintas actividades art\u00edsticas de alto nivel le han otorgado a la Galer\u00eda Nacional reconocimiento y prestigio en el \u00e1mbito art\u00edstico dentro y fuera del pa\u00eds. Fundaci\u00f3n e Historia La Galer\u00eda Nacional se funda en 1994 en el coraz\u00f3n de San Jos\u00e9 como un [&hellip;]","og_url":"https:\/\/museocr.org\/galeria-nacional\/nosotros\/","og_site_name":"Galer\u00eda Nacional","article_modified_time":"2026-03-04T18:38:44+00:00","og_image":[{"width":173,"height":162,"url":"https:\/\/museocr.org\/galeria-nacional\/wp-content\/uploads\/sites\/4\/2024\/11\/image-14-2.png","type":"image\/png"}],"twitter_card":"summary_large_image","twitter_misc":{"Est. reading time":"9 minutos"},"schema":{"@context":"https:\/\/schema.org","@graph":[{"@type":"WebPage","@id":"https:\/\/museocr.org\/galeria-nacional\/nosotros\/","url":"https:\/\/museocr.org\/galeria-nacional\/nosotros\/","name":"Nosotros - Galer\u00eda Nacional","isPartOf":{"@id":"https:\/\/museocr.org\/galeria-nacional\/#website"},"primaryImageOfPage":{"@id":"https:\/\/museocr.org\/galeria-nacional\/nosotros\/#primaryimage"},"image":{"@id":"https:\/\/museocr.org\/galeria-nacional\/nosotros\/#primaryimage"},"thumbnailUrl":"https:\/\/museocr.org\/galeria-nacional\/wp-content\/uploads\/sites\/4\/2024\/11\/image-14-2.png","datePublished":"2024-11-07T17:13:54+00:00","dateModified":"2026-03-04T18:38:44+00:00","breadcrumb":{"@id":"https:\/\/museocr.org\/galeria-nacional\/nosotros\/#breadcrumb"},"inLanguage":"es-CR","potentialAction":[{"@type":"ReadAction","target":["https:\/\/museocr.org\/galeria-nacional\/nosotros\/"]}]},{"@type":"ImageObject","inLanguage":"es-CR","@id":"https:\/\/museocr.org\/galeria-nacional\/nosotros\/#primaryimage","url":"https:\/\/museocr.org\/galeria-nacional\/wp-content\/uploads\/sites\/4\/2024\/11\/image-14-2.png","contentUrl":"https:\/\/museocr.org\/galeria-nacional\/wp-content\/uploads\/sites\/4\/2024\/11\/image-14-2.png","width":173,"height":162},{"@type":"BreadcrumbList","@id":"https:\/\/museocr.org\/galeria-nacional\/nosotros\/#breadcrumb","itemListElement":[{"@type":"ListItem","position":1,"name":"Portada","item":"https:\/\/museocr.org\/galeria-nacional\/"},{"@type":"ListItem","position":2,"name":"Nosotros"}]},{"@type":"WebSite","@id":"https:\/\/museocr.org\/galeria-nacional\/#website","url":"https:\/\/museocr.org\/galeria-nacional\/","name":"Galer\u00eda Nacional","description":"","potentialAction":[{"@type":"SearchAction","target":{"@type":"EntryPoint","urlTemplate":"https:\/\/museocr.org\/galeria-nacional\/?s={search_term_string}"},"query-input":{"@type":"PropertyValueSpecification","valueRequired":true,"valueName":"search_term_string"}}],"inLanguage":"es-CR"}]}},"_links":{"self":[{"href":"https:\/\/museocr.org\/galeria-nacional\/wp-json\/wp\/v2\/pages\/94","targetHints":{"allow":["GET"]}}],"collection":[{"href":"https:\/\/museocr.org\/galeria-nacional\/wp-json\/wp\/v2\/pages"}],"about":[{"href":"https:\/\/museocr.org\/galeria-nacional\/wp-json\/wp\/v2\/types\/page"}],"author":[{"embeddable":true,"href":"https:\/\/museocr.org\/galeria-nacional\/wp-json\/wp\/v2\/users\/3"}],"replies":[{"embeddable":true,"href":"https:\/\/museocr.org\/galeria-nacional\/wp-json\/wp\/v2\/comments?post=94"}],"version-history":[{"count":95,"href":"https:\/\/museocr.org\/galeria-nacional\/wp-json\/wp\/v2\/pages\/94\/revisions"}],"predecessor-version":[{"id":539,"href":"https:\/\/museocr.org\/galeria-nacional\/wp-json\/wp\/v2\/pages\/94\/revisions\/539"}],"wp:attachment":[{"href":"https:\/\/museocr.org\/galeria-nacional\/wp-json\/wp\/v2\/media?parent=94"}],"curies":[{"name":"wp","href":"https:\/\/api.w.org\/{rel}","templated":true}]}}